{"id":2447,"date":"2024-10-16T16:30:34","date_gmt":"2024-10-16T14:30:34","guid":{"rendered":"https:\/\/www.camping-closdelachaume.com\/tourisme\/"},"modified":"2026-02-19T11:22:20","modified_gmt":"2026-02-19T10:22:20","slug":"toerisme","status":"publish","type":"page","link":"https:\/\/www.camping-closdelachaume.com\/nl\/toerisme\/","title":{"rendered":"Omgeving"},"content":{"rendered":"<div class=\"diaporama-header align-full\"><div class=\"gallery f-carousel fc-diapo\"><figure class=\"gallery__item\"><picture><source srcset=\"https:\/\/www.camping-closdelachaume.com\/wp-content\/uploads\/2024\/10\/photo-route-des-cretes-1920-850x363.jpg.webp\" media=\"(max-width: 420px)\"><source srcset=\"https:\/\/www.camping-closdelachaume.com\/wp-content\/uploads\/2024\/10\/photo-route-des-cretes-1920-768x328.jpg.webp\" media=\"(max-width: 850px)\"><source srcset=\"https:\/\/www.camping-closdelachaume.com\/wp-content\/uploads\/2024\/10\/photo-route-des-cretes-1920-1024x437.jpg.webp\" media=\"(max-width: 1024px)\"><source srcset=\"https:\/\/www.camping-closdelachaume.com\/wp-content\/uploads\/2024\/10\/photo-route-des-cretes-1920.jpg.webp\" media=\"(min-width: 1025px)\"><img loading=\"lazy\" decoding=\"async\" src=\"https:\/\/www.camping-closdelachaume.com\/wp-content\/uploads\/2024\/10\/photo-route-des-cretes-1920-600x256.jpg.webp\" width=\"420\" height=\"210\" title=\"photo route des cr\u00eates\" alt=\"\"><\/picture><\/figure><figure class=\"gallery__item\"><picture><source srcset=\"https:\/\/www.camping-closdelachaume.com\/wp-content\/uploads\/2025\/01\/lac-clos-de-la-chaume-850x367.jpg.webp\" media=\"(max-width: 420px)\"><source srcset=\"https:\/\/www.camping-closdelachaume.com\/wp-content\/uploads\/2025\/01\/lac-clos-de-la-chaume-768x331.jpg.webp\" media=\"(max-width: 850px)\"><source srcset=\"https:\/\/www.camping-closdelachaume.com\/wp-content\/uploads\/2025\/01\/lac-clos-de-la-chaume-1024x442.jpg.webp\" media=\"(max-width: 1024px)\"><source srcset=\"https:\/\/www.camping-closdelachaume.com\/wp-content\/uploads\/2025\/01\/lac-clos-de-la-chaume.jpg.webp\" media=\"(min-width: 1025px)\"><img loading=\"lazy\" decoding=\"async\" src=\"https:\/\/www.camping-closdelachaume.com\/wp-content\/uploads\/2025\/01\/lac-clos-de-la-chaume-600x259.jpg.webp\" width=\"420\" height=\"210\" title=\"lac clos de la chaume\" alt=\"\"><\/picture><\/figure><figure class=\"gallery__item\"><picture><source srcset=\"https:\/\/www.camping-closdelachaume.com\/wp-content\/uploads\/2025\/01\/colmar-pres-du-clos-de-la-chaume-850x545.jpeg.webp\" media=\"(max-width: 420px)\"><source srcset=\"https:\/\/www.camping-closdelachaume.com\/wp-content\/uploads\/2025\/01\/colmar-pres-du-clos-de-la-chaume-768x493.jpeg.webp\" media=\"(max-width: 850px)\"><source srcset=\"https:\/\/www.camping-closdelachaume.com\/wp-content\/uploads\/2025\/01\/colmar-pres-du-clos-de-la-chaume-1024x657.jpeg.webp\" media=\"(max-width: 1024px)\"><source srcset=\"https:\/\/www.camping-closdelachaume.com\/wp-content\/uploads\/2025\/01\/colmar-pres-du-clos-de-la-chaume.jpeg.webp\" media=\"(min-width: 1025px)\"><img loading=\"lazy\" decoding=\"async\" src=\"https:\/\/www.camping-closdelachaume.com\/wp-content\/uploads\/2025\/01\/colmar-pres-du-clos-de-la-chaume-600x385.jpeg.webp\" width=\"420\" height=\"210\" title=\"colmar pres du clos de la chaume\" alt=\"\"><\/picture><\/figure><figure class=\"gallery__item\"><picture><source srcset=\"https:\/\/www.camping-closdelachaume.com\/wp-content\/uploads\/2025\/01\/Le-Hohneck-pres-du-clos-de-la-chaume-850x567.jpeg.webp\" media=\"(max-width: 420px)\"><source srcset=\"https:\/\/www.camping-closdelachaume.com\/wp-content\/uploads\/2025\/01\/Le-Hohneck-pres-du-clos-de-la-chaume-768x512.jpeg.webp\" media=\"(max-width: 850px)\"><source srcset=\"https:\/\/www.camping-closdelachaume.com\/wp-content\/uploads\/2025\/01\/Le-Hohneck-pres-du-clos-de-la-chaume-1024x683.jpeg.webp\" media=\"(max-width: 1024px)\"><source srcset=\"https:\/\/www.camping-closdelachaume.com\/wp-content\/uploads\/2025\/01\/Le-Hohneck-pres-du-clos-de-la-chaume.jpeg.webp\" media=\"(min-width: 1025px)\"><img loading=\"lazy\" decoding=\"async\" src=\"https:\/\/www.camping-closdelachaume.com\/wp-content\/uploads\/2025\/01\/Le-Hohneck-pres-du-clos-de-la-chaume-600x400.jpeg.webp\" width=\"420\" height=\"210\" title=\"Le Hohneck pres du clos de la chaume\" alt=\"\"><\/picture><\/figure><\/div><div class=\"diaporama-header__inner\"><div class=\"buttons display-flex \" style=\"justify-content:center;\"><span class=\"buttons__btn btn_resa is-style-resa\"><span class=\"fc-icon\"><svg xmlns=\"http:\/\/www.w3.org\/2000\/svg\"  viewBox=\"0 0 512 512\" width=\"16px\" height=\"16px\"><!--! Font Awesome Pro 6.4.2 by @fontawesome - https:\/\/fontawesome.com License - https:\/\/fontawesome.com\/license (Commercial License) Copyright 2023 Fonticons, Inc.--><path d=\"M224 0c-17.7 0-32 14.3-32 32V64H144c-26.5 0-48 21.5-48 48v48H512V112c0-26.5-21.5-48-48-48H416V32c0-17.7-14.3-32-32-32s-32 14.3-32 32V64H256V32c0-17.7-14.3-32-32-32zM96 192V368c0 26.5 21.5 48 48 48H464c26.5 0 48-21.5 48-48V192H96zm-48-8c0-13.3-10.7-24-24-24s-24 10.7-24 24V392c0 66.3 53.7 120 120 120H392c13.3 0 24-10.7 24-24s-10.7-24-24-24H120c-39.8 0-72-32.2-72-72V184z\"\/><\/svg><\/span>  Boek nu!<\/span><\/div><figure class=\"diaporama-header__deco\"><picture><source srcset=\"https:\/\/www.camping-closdelachaume.com\/wp-content\/uploads\/2024\/10\/vague-diapoheader.svg\" media=\"(max-width: 420px)\"><source srcset=\"https:\/\/www.camping-closdelachaume.com\/wp-content\/uploads\/2024\/10\/vague-diapoheader.svg\" media=\"(max-width: 850px)\"><source srcset=\"https:\/\/www.camping-closdelachaume.com\/wp-content\/uploads\/2024\/10\/vague-diapoheader.svg\" media=\"(max-width: 1024px)\"><source srcset=\"https:\/\/www.camping-closdelachaume.com\/wp-content\/uploads\/2024\/10\/vague-diapoheader.svg\" media=\"(min-width: 1025px)\"><img loading=\"lazy\" decoding=\"async\" src=\"https:\/\/www.camping-closdelachaume.com\/wp-content\/uploads\/2024\/10\/vague-diapoheader.svg\" width=\"420\" height=\"210\" title=\"vague-diapoheader\" alt=\"\"><\/picture><\/figure><\/div><\/div>\n\n<div class=\"columns sec-00\" style=\"align-items:center;\"><div class=\"columns__item texte fade-up\" style=\"align-self:center;\"><h1>Je vakantie <span class=\"fc-span\">in de Vogezen, Elzas en Lotharingen<\/span><\/h1><p   id=\"https:\/\/www.camping-closdelachaume.com\/nl\/alentours\/meer-van-gerardmer\/\" >Een <strong>kampeervakantie in de Vogezen<\/strong> biedt een veelheid aan plaatsen en landschappen om te ontdekken. Au Clos de la Chaume, onze <strong>camping in Corcieux<\/strong> bij <a href=\"https:\/\/www.camping-closdelachaume.com\/nl\/alentours\/meer-van-gerardmer\/\" data-type=\"link\" data-id=\"https:\/\/www.camping-closdelachaume.com\/nl\/alentours\/meer-van-gerardmer\/\">G\u00e9rardmer<\/a> en <a href=\"https:\/\/www.camping-closdelachaume.com\/nl\/alentours\/bezoek-la-bresse\/\" data-type=\"link\" data-id=\"https:\/\/www.camping-closdelachaume.com\/nl\/alentours\/bezoek-la-bresse\/\">La Bresse<\/a>, nodigt u uit om een streek met vele facetten te ontdekken!<\/p><h2>Bezoeken en plaatsen die <span class=\"fc-span\">u niet mag missen<\/span><\/h2><p   id=\"224\" >Onze <strong>camping in Corcieux in de Vogezen<\/strong> ligt op 10 minuten van G\u00e9rardmer, en er zijn tal van bezienswaardigheden in de omgeving. In de <strong>bergen<\/strong> en bossen van <strong>de Vogezen<\/strong>, maar ook <a href=\"https:\/\/www.camping-closdelachaume.com\/nl\/camping-en-alsace\/\" data-type=\"page\" data-id=\"224\">in de Elzas<\/a> en <a href=\"https:\/\/www.camping-closdelachaume.com\/nl\/camping-lorraine\/\" data-type=\"page\" data-id=\"226\">Lotharingen<\/a> zul je genieten van de <strong>verscheidenheid aan landschappen<\/strong> en menselijk erfgoed. Ben je klaar om deze veelzijdige regio&#8217;s te ontdekken?  <\/p><\/div><div class=\"columns__item fade-right\" style=\"align-self:center;\"><div class=\"gallery col-2 f-carousel fc-diapo-mob\"><figure class=\"gallery__item\"><picture><source srcset=\"https:\/\/www.camping-closdelachaume.com\/wp-content\/uploads\/2026\/02\/117595630_191309339007623_6913992929746566653_n.webp\" media=\"(max-width: 420px)\"><source srcset=\"https:\/\/www.camping-closdelachaume.com\/wp-content\/uploads\/2026\/02\/117595630_191309339007623_6913992929746566653_n-768x768.webp\" media=\"(max-width: 850px)\"><source srcset=\"https:\/\/www.camping-closdelachaume.com\/wp-content\/uploads\/2026\/02\/117595630_191309339007623_6913992929746566653_n.webp\" media=\"(max-width: 1024px)\"><source srcset=\"https:\/\/www.camping-closdelachaume.com\/wp-content\/uploads\/2026\/02\/117595630_191309339007623_6913992929746566653_n.webp\" media=\"(min-width: 1025px)\"><img decoding=\"async\" src=\"https:\/\/www.camping-closdelachaume.com\/wp-content\/uploads\/2026\/02\/117595630_191309339007623_6913992929746566653_n-600x600.webp\" width=\"420\" height=\"210\" title=\"117595630_191309339007623_6913992929746566653_n\" loading=\"lazy\" alt=\"\"><\/picture><\/figure><figure class=\"gallery__item\"><picture><source srcset=\"https:\/\/www.camping-closdelachaume.com\/wp-content\/uploads\/2026\/02\/496942463_1274943524631179_6778931269228927554_n.webp\" media=\"(max-width: 420px)\"><source srcset=\"https:\/\/www.camping-closdelachaume.com\/wp-content\/uploads\/2026\/02\/496942463_1274943524631179_6778931269228927554_n.webp\" media=\"(max-width: 850px)\"><source srcset=\"https:\/\/www.camping-closdelachaume.com\/wp-content\/uploads\/2026\/02\/496942463_1274943524631179_6778931269228927554_n.webp\" media=\"(max-width: 1024px)\"><source srcset=\"https:\/\/www.camping-closdelachaume.com\/wp-content\/uploads\/2026\/02\/496942463_1274943524631179_6778931269228927554_n.webp\" media=\"(min-width: 1025px)\"><img decoding=\"async\" src=\"https:\/\/www.camping-closdelachaume.com\/wp-content\/uploads\/2026\/02\/496942463_1274943524631179_6778931269228927554_n.webp\" width=\"420\" height=\"210\" title=\"496942463_1274943524631179_6778931269228927554_n\" loading=\"lazy\" alt=\"\"><\/picture><\/figure><figure class=\"gallery__item\"><picture><source srcset=\"https:\/\/www.camping-closdelachaume.com\/wp-content\/uploads\/2026\/02\/att.2rllcxRJQ9zsWPJalo2c5Il7BrvhxpQD-SOkKGYGMxE.webp\" media=\"(max-width: 420px)\"><source srcset=\"https:\/\/www.camping-closdelachaume.com\/wp-content\/uploads\/2026\/02\/att.2rllcxRJQ9zsWPJalo2c5Il7BrvhxpQD-SOkKGYGMxE.webp\" media=\"(max-width: 850px)\"><source srcset=\"https:\/\/www.camping-closdelachaume.com\/wp-content\/uploads\/2026\/02\/att.2rllcxRJQ9zsWPJalo2c5Il7BrvhxpQD-SOkKGYGMxE.webp\" media=\"(max-width: 1024px)\"><source srcset=\"https:\/\/www.camping-closdelachaume.com\/wp-content\/uploads\/2026\/02\/att.2rllcxRJQ9zsWPJalo2c5Il7BrvhxpQD-SOkKGYGMxE.webp\" media=\"(min-width: 1025px)\"><img decoding=\"async\" src=\"https:\/\/www.camping-closdelachaume.com\/wp-content\/uploads\/2026\/02\/att.2rllcxRJQ9zsWPJalo2c5Il7BrvhxpQD-SOkKGYGMxE.webp\" width=\"420\" height=\"210\" title=\"att.2rllcxRJQ9zsWPJalo2c5Il7BrvhxpQD-SOkKGYGMxE\" loading=\"lazy\" alt=\"\"><\/picture><\/figure><figure class=\"gallery__item\"><picture><source srcset=\"https:\/\/www.camping-closdelachaume.com\/wp-content\/uploads\/2026\/02\/att.jwXk3X3tlA9U9KG_efr6RPGsEf-WgruzzfEbXrQIPrU.webp\" media=\"(max-width: 420px)\"><source srcset=\"https:\/\/www.camping-closdelachaume.com\/wp-content\/uploads\/2026\/02\/att.jwXk3X3tlA9U9KG_efr6RPGsEf-WgruzzfEbXrQIPrU.webp\" media=\"(max-width: 850px)\"><source srcset=\"https:\/\/www.camping-closdelachaume.com\/wp-content\/uploads\/2026\/02\/att.jwXk3X3tlA9U9KG_efr6RPGsEf-WgruzzfEbXrQIPrU.webp\" media=\"(max-width: 1024px)\"><source srcset=\"https:\/\/www.camping-closdelachaume.com\/wp-content\/uploads\/2026\/02\/att.jwXk3X3tlA9U9KG_efr6RPGsEf-WgruzzfEbXrQIPrU.webp\" media=\"(min-width: 1025px)\"><img decoding=\"async\" src=\"https:\/\/www.camping-closdelachaume.com\/wp-content\/uploads\/2026\/02\/att.jwXk3X3tlA9U9KG_efr6RPGsEf-WgruzzfEbXrQIPrU.webp\" width=\"420\" height=\"210\" title=\"att.jwXk3X3tlA9U9KG_efr6RPGsEf-WgruzzfEbXrQIPrU\" loading=\"lazy\" alt=\"\"><\/picture><\/figure><figure class=\"gallery__item\"><picture><source srcset=\"https:\/\/www.camping-closdelachaume.com\/wp-content\/uploads\/2026\/02\/att.Rvqa0yYSsHsXSMpd6_sHNnLghGbg5_UBrQkuVDTz-Pc.webp\" media=\"(max-width: 420px)\"><source srcset=\"https:\/\/www.camping-closdelachaume.com\/wp-content\/uploads\/2026\/02\/att.Rvqa0yYSsHsXSMpd6_sHNnLghGbg5_UBrQkuVDTz-Pc.webp\" media=\"(max-width: 850px)\"><source srcset=\"https:\/\/www.camping-closdelachaume.com\/wp-content\/uploads\/2026\/02\/att.Rvqa0yYSsHsXSMpd6_sHNnLghGbg5_UBrQkuVDTz-Pc.webp\" media=\"(max-width: 1024px)\"><source srcset=\"https:\/\/www.camping-closdelachaume.com\/wp-content\/uploads\/2026\/02\/att.Rvqa0yYSsHsXSMpd6_sHNnLghGbg5_UBrQkuVDTz-Pc.webp\" media=\"(min-width: 1025px)\"><img decoding=\"async\" src=\"https:\/\/www.camping-closdelachaume.com\/wp-content\/uploads\/2026\/02\/att.Rvqa0yYSsHsXSMpd6_sHNnLghGbg5_UBrQkuVDTz-Pc-600x600.webp\" width=\"420\" height=\"210\" title=\"att.Rvqa0yYSsHsXSMpd6_sHNnLghGbg5_UBrQkuVDTz-Pc\" loading=\"lazy\" alt=\"\"><\/picture><\/figure><figure class=\"gallery__item\"><picture><source srcset=\"https:\/\/www.camping-closdelachaume.com\/wp-content\/uploads\/2026\/02\/paysage-850x638.webp\" media=\"(max-width: 420px)\"><source srcset=\"https:\/\/www.camping-closdelachaume.com\/wp-content\/uploads\/2026\/02\/paysage-768x576.webp\" media=\"(max-width: 850px)\"><source srcset=\"https:\/\/www.camping-closdelachaume.com\/wp-content\/uploads\/2026\/02\/paysage-1024x768.webp\" media=\"(max-width: 1024px)\"><source srcset=\"https:\/\/www.camping-closdelachaume.com\/wp-content\/uploads\/2026\/02\/paysage.webp\" media=\"(min-width: 1025px)\"><img decoding=\"async\" src=\"https:\/\/www.camping-closdelachaume.com\/wp-content\/uploads\/2026\/02\/paysage-600x450.webp\" width=\"420\" height=\"210\" title=\"paysage\" loading=\"lazy\" alt=\"\"><\/picture><\/figure><\/div><figure class=\"deco deco--1\"><picture><source srcset=\"https:\/\/www.camping-closdelachaume.com\/wp-content\/uploads\/2024\/10\/herbe1.svg\" media=\"(max-width: 420px)\"><source srcset=\"https:\/\/www.camping-closdelachaume.com\/wp-content\/uploads\/2024\/10\/herbe1.svg\" media=\"(max-width: 850px)\"><source srcset=\"https:\/\/www.camping-closdelachaume.com\/wp-content\/uploads\/2024\/10\/herbe1.svg\" media=\"(max-width: 1024px)\"><source srcset=\"https:\/\/www.camping-closdelachaume.com\/wp-content\/uploads\/2024\/10\/herbe1.svg\" media=\"(min-width: 1025px)\"><img decoding=\"async\" src=\"https:\/\/www.camping-closdelachaume.com\/wp-content\/uploads\/2024\/10\/herbe1.svg\" width=\"420\" height=\"210\" title=\"herbe1\" loading=\"lazy\" alt=\"\"><\/picture><\/figure><\/div><\/div>\n\n\r\n<section id=\"fc-alentours\" class=\"wp-block-columns\">\r\n\r\n  <div id=\"listing-alentours\" class=\"wp-block-column\">\r\n    \r\n    <div class=\"filtres\">\r\n      <div>\r\n        <input id=\"all\" name=\"filter\" type=\"radio\" class=\"all-input\" checked=\"checked\" \/>\r\n        <label for=\"all\" class=\"all-label\">Alle locaties<\/label>\r\n      <\/div>\r\n      <div><input id=\"activiteiten\" name=\"filter\" type=\"radio\" \/><label for=\"activiteiten\">Activiteiten<\/label><\/div><div><input id=\"steden\" name=\"filter\" type=\"radio\" \/><label for=\"steden\">Steden<\/label><\/div><div><input id=\"wandelingen\" name=\"filter\" type=\"radio\" \/><label for=\"wandelingen\">Wandelingen<\/label><\/div>      <input type='hidden' id='current_page'\/>\r\n      <input type='hidden' id='show_per_page'\/>\r\n    <\/div>\r\n\r\n    <div id=\"listing\">\r\n              <article class=\"lieu-alentour currentCat visuel\" data-cat=\"camping\" data-slug=\"camping\" \" data-couleur=\"#f16e00\"\" data-latitude=\"48.1687037\" data-longitude=\"6.8902345\">\r\n          <div class=\"texte-lieu\">\r\n            <p class=\"categorie-lieu\">\r\n              <span class=\"fc-icon\"><svg xmlns=\"http:\/\/www.w3.org\/2000\/svg\"  viewBox=\"0 0 384 512\" width=\"16px\" height=\"16px\"><!--! Font Awesome Pro 6.4.2 by @fontawesome - https:\/\/fontawesome.com License - https:\/\/fontawesome.com\/license (Commercial License) Copyright 2023 Fonticons, Inc.--><path d=\"M384 192c0 87.4-117 243-168.3 307.2c-12.3 15.3-35.1 15.3-47.4 0C117 435 0 279.4 0 192C0 86 86 0 192 0S384 86 384 192z\"\/><\/svg><\/span>Camping            <\/p>\r\n            <p class=\"titre-lieu\">Au Clos de la Chaume<\/p>\r\n          <\/div>\r\n          <img loading=\"lazy\" decoding=\"async\" width=\"600\" height=\"460\" src=\"https:\/\/www.camping-closdelachaume.com\/wp-content\/uploads\/2024\/12\/logo-clos-de-la-chaume-v.webp\" class=\"attachment-large size-large\" alt=\"\" title=\"\">        <\/article>\r\n                <article class=\"lieu-alentour currentCat visuel\" data-cat=\"steden\" data-slug=\"le-hohneck\" data-icone=\"\" data-couleur=\"\" data-latitude=\"48.03747\" data-longitude=\"7.01625\">\r\n          <div class=\"texte-lieu\">\r\n              <p class=\"categorie-lieu\">\r\n                <span class=\"fc-icon\"><svg xmlns=\"http:\/\/www.w3.org\/2000\/svg\"  viewBox=\"0 0 384 512\" width=\"16px\" height=\"16px\"><!--! Font Awesome Pro 6.4.2 by @fontawesome - https:\/\/fontawesome.com License - https:\/\/fontawesome.com\/license (Commercial License) Copyright 2023 Fonticons, Inc.--><path d=\"M384 192c0 87.4-117 243-168.3 307.2c-12.3 15.3-35.1 15.3-47.4 0C117 435 0 279.4 0 192C0 86 86 0 192 0S384 86 384 192z\"\/><\/svg><\/span>Steden              <\/p>\r\n              <p class=\"titre-lieu \">Le Hohneck<\/p>\r\n            <\/div>\r\n          <img loading=\"lazy\" decoding=\"async\" width=\"1024\" height=\"683\" src=\"https:\/\/www.camping-closdelachaume.com\/wp-content\/uploads\/2025\/01\/Le-Hohneck-pres-du-clos-de-la-chaume-1024x683.jpeg\" class=\"attachment-large size-large\" alt=\"\" srcset=\"https:\/\/www.camping-closdelachaume.com\/wp-content\/uploads\/2025\/01\/Le-Hohneck-pres-du-clos-de-la-chaume-1024x683.jpeg 1024w, https:\/\/www.camping-closdelachaume.com\/wp-content\/uploads\/2025\/01\/Le-Hohneck-pres-du-clos-de-la-chaume-850x567.jpeg 850w, https:\/\/www.camping-closdelachaume.com\/wp-content\/uploads\/2025\/01\/Le-Hohneck-pres-du-clos-de-la-chaume-600x400.jpeg 600w, https:\/\/www.camping-closdelachaume.com\/wp-content\/uploads\/2025\/01\/Le-Hohneck-pres-du-clos-de-la-chaume-768x512.jpeg 768w, https:\/\/www.camping-closdelachaume.com\/wp-content\/uploads\/2025\/01\/Le-Hohneck-pres-du-clos-de-la-chaume-1536x1024.jpeg 1536w, https:\/\/www.camping-closdelachaume.com\/wp-content\/uploads\/2025\/01\/Le-Hohneck-pres-du-clos-de-la-chaume.jpeg 1920w\" sizes=\"(max-width: 1024px) 100vw, 1024px\" title=\"\">        <\/article>\r\n              <article class=\"lieu-alentour currentCat visuel\" data-cat=\"steden\" data-slug=\"riquewihr\" data-icone=\"\" data-couleur=\"\" data-latitude=\"48.166158\" data-longitude=\"7.299822\">\r\n          <div class=\"texte-lieu\">\r\n              <p class=\"categorie-lieu\">\r\n                <span class=\"fc-icon\"><svg xmlns=\"http:\/\/www.w3.org\/2000\/svg\"  viewBox=\"0 0 384 512\" width=\"16px\" height=\"16px\"><!--! Font Awesome Pro 6.4.2 by @fontawesome - https:\/\/fontawesome.com License - https:\/\/fontawesome.com\/license (Commercial License) Copyright 2023 Fonticons, Inc.--><path d=\"M384 192c0 87.4-117 243-168.3 307.2c-12.3 15.3-35.1 15.3-47.4 0C117 435 0 279.4 0 192C0 86 86 0 192 0S384 86 384 192z\"\/><\/svg><\/span>Steden              <\/p>\r\n              <p class=\"titre-lieu \">Riquewihr<\/p>\r\n            <\/div>\r\n          <img loading=\"lazy\" decoding=\"async\" width=\"1024\" height=\"683\" src=\"https:\/\/www.camping-closdelachaume.com\/wp-content\/uploads\/2025\/01\/Riquewihr-pres-du-clos-de-la-chaume-1024x683.jpeg\" class=\"attachment-large size-large\" alt=\"\" srcset=\"https:\/\/www.camping-closdelachaume.com\/wp-content\/uploads\/2025\/01\/Riquewihr-pres-du-clos-de-la-chaume-1024x683.jpeg 1024w, https:\/\/www.camping-closdelachaume.com\/wp-content\/uploads\/2025\/01\/Riquewihr-pres-du-clos-de-la-chaume-850x567.jpeg 850w, https:\/\/www.camping-closdelachaume.com\/wp-content\/uploads\/2025\/01\/Riquewihr-pres-du-clos-de-la-chaume-600x400.jpeg 600w, https:\/\/www.camping-closdelachaume.com\/wp-content\/uploads\/2025\/01\/Riquewihr-pres-du-clos-de-la-chaume-768x512.jpeg 768w, https:\/\/www.camping-closdelachaume.com\/wp-content\/uploads\/2025\/01\/Riquewihr-pres-du-clos-de-la-chaume-1536x1024.jpeg 1536w, https:\/\/www.camping-closdelachaume.com\/wp-content\/uploads\/2025\/01\/Riquewihr-pres-du-clos-de-la-chaume.jpeg 1920w\" sizes=\"(max-width: 1024px) 100vw, 1024px\" title=\"\">        <\/article>\r\n              <article class=\"lieu-alentour currentCat visuel\" data-cat=\"steden\" data-slug=\"colmar\" data-icone=\"\" data-couleur=\"\" data-latitude=\"48.0803183\" data-longitude=\"7.3546052\">\r\n          <div class=\"texte-lieu\">\r\n              <p class=\"categorie-lieu\">\r\n                <span class=\"fc-icon\"><svg xmlns=\"http:\/\/www.w3.org\/2000\/svg\"  viewBox=\"0 0 384 512\" width=\"16px\" height=\"16px\"><!--! Font Awesome Pro 6.4.2 by @fontawesome - https:\/\/fontawesome.com License - https:\/\/fontawesome.com\/license (Commercial License) Copyright 2023 Fonticons, Inc.--><path d=\"M384 192c0 87.4-117 243-168.3 307.2c-12.3 15.3-35.1 15.3-47.4 0C117 435 0 279.4 0 192C0 86 86 0 192 0S384 86 384 192z\"\/><\/svg><\/span>Steden              <\/p>\r\n              <p class=\"titre-lieu \">Colmar<\/p>\r\n            <\/div>\r\n          <img loading=\"lazy\" decoding=\"async\" width=\"1024\" height=\"657\" src=\"https:\/\/www.camping-closdelachaume.com\/wp-content\/uploads\/2025\/01\/colmar-pres-du-clos-de-la-chaume-1024x657.jpeg\" class=\"attachment-large size-large\" alt=\"\" srcset=\"https:\/\/www.camping-closdelachaume.com\/wp-content\/uploads\/2025\/01\/colmar-pres-du-clos-de-la-chaume-1024x657.jpeg 1024w, https:\/\/www.camping-closdelachaume.com\/wp-content\/uploads\/2025\/01\/colmar-pres-du-clos-de-la-chaume-850x545.jpeg 850w, https:\/\/www.camping-closdelachaume.com\/wp-content\/uploads\/2025\/01\/colmar-pres-du-clos-de-la-chaume-600x385.jpeg 600w, https:\/\/www.camping-closdelachaume.com\/wp-content\/uploads\/2025\/01\/colmar-pres-du-clos-de-la-chaume-768x493.jpeg 768w, https:\/\/www.camping-closdelachaume.com\/wp-content\/uploads\/2025\/01\/colmar-pres-du-clos-de-la-chaume-1536x986.jpeg 1536w, https:\/\/www.camping-closdelachaume.com\/wp-content\/uploads\/2025\/01\/colmar-pres-du-clos-de-la-chaume.jpeg 1920w\" sizes=\"(max-width: 1024px) 100vw, 1024px\" title=\"\">        <\/article>\r\n              <article class=\"lieu-alentour currentCat visuel\" data-cat=\"steden\" data-slug=\"kaysersberg\" data-icone=\"\" data-couleur=\"\" data-latitude=\"48.13889\" data-longitude=\"7.264023\">\r\n          <div class=\"texte-lieu\">\r\n              <p class=\"categorie-lieu\">\r\n                <span class=\"fc-icon\"><svg xmlns=\"http:\/\/www.w3.org\/2000\/svg\"  viewBox=\"0 0 384 512\" width=\"16px\" height=\"16px\"><!--! Font Awesome Pro 6.4.2 by @fontawesome - https:\/\/fontawesome.com License - https:\/\/fontawesome.com\/license (Commercial License) Copyright 2023 Fonticons, Inc.--><path d=\"M384 192c0 87.4-117 243-168.3 307.2c-12.3 15.3-35.1 15.3-47.4 0C117 435 0 279.4 0 192C0 86 86 0 192 0S384 86 384 192z\"\/><\/svg><\/span>Steden              <\/p>\r\n              <p class=\"titre-lieu \">Kaysersberg<\/p>\r\n            <\/div>\r\n          <img loading=\"lazy\" decoding=\"async\" width=\"1024\" height=\"683\" src=\"https:\/\/www.camping-closdelachaume.com\/wp-content\/uploads\/2025\/01\/Kaysersberg-pres-de-clos-de-la-chaume-1024x683.jpeg\" class=\"attachment-large size-large\" alt=\"\" srcset=\"https:\/\/www.camping-closdelachaume.com\/wp-content\/uploads\/2025\/01\/Kaysersberg-pres-de-clos-de-la-chaume-1024x683.jpeg 1024w, https:\/\/www.camping-closdelachaume.com\/wp-content\/uploads\/2025\/01\/Kaysersberg-pres-de-clos-de-la-chaume-850x567.jpeg 850w, https:\/\/www.camping-closdelachaume.com\/wp-content\/uploads\/2025\/01\/Kaysersberg-pres-de-clos-de-la-chaume-600x400.jpeg 600w, https:\/\/www.camping-closdelachaume.com\/wp-content\/uploads\/2025\/01\/Kaysersberg-pres-de-clos-de-la-chaume-768x512.jpeg 768w, https:\/\/www.camping-closdelachaume.com\/wp-content\/uploads\/2025\/01\/Kaysersberg-pres-de-clos-de-la-chaume-1536x1024.jpeg 1536w, https:\/\/www.camping-closdelachaume.com\/wp-content\/uploads\/2025\/01\/Kaysersberg-pres-de-clos-de-la-chaume.jpeg 1920w\" sizes=\"(max-width: 1024px) 100vw, 1024px\" title=\"\">        <\/article>\r\n              <a href=\"https:\/\/www.camping-closdelachaume.com\/nl\/alentours\/vlindertuinen\/\" class=\"lieu-alentour currentCat visuel\" data-cat=\"\" data-slug=\"vlindertuinen\" data-icone=\"\" data-couleur=\"\" data-latitude=\"48.1808201\" data-longitude=\"7.3211452\">\r\n          <div class=\"texte-lieu\">\r\n            <p class=\"categorie-lieu\">\r\n              <span class=\"fc-icon\"><svg xmlns=\"http:\/\/www.w3.org\/2000\/svg\"  viewBox=\"0 0 384 512\" width=\"16px\" height=\"16px\"><!--! Font Awesome Pro 6.4.2 by @fontawesome - https:\/\/fontawesome.com License - https:\/\/fontawesome.com\/license (Commercial License) Copyright 2023 Fonticons, Inc.--><path d=\"M384 192c0 87.4-117 243-168.3 307.2c-12.3 15.3-35.1 15.3-47.4 0C117 435 0 279.4 0 192C0 86 86 0 192 0S384 86 384 192z\"\/><\/svg><\/span>Geen categorie            <\/p>\r\n            <p class=\"titre-lieu\">Vlindertuinen <span class=\"fc-icon\"><svg xmlns=\"http:\/\/www.w3.org\/2000\/svg\"  viewBox=\"0 0 448 512\" width=\"16px\" height=\"16px\"><!--! Font Awesome Pro 6.4.2 by @fontawesome - https:\/\/fontawesome.com License - https:\/\/fontawesome.com\/license (Commercial License) Copyright 2023 Fonticons, Inc.--><path d=\"M443.3 267.3c6.2-6.2 6.2-16.4 0-22.6l-176-176c-6.2-6.2-16.4-6.2-22.6 0s-6.2 16.4 0 22.6L393.4 240 16 240c-8.8 0-16 7.2-16 16s7.2 16 16 16l377.4 0L244.7 420.7c-6.2 6.2-6.2 16.4 0 22.6s16.4 6.2 22.6 0l176-176z\"\/><\/svg><\/span><\/p>\r\n          <\/div>\r\n          <img loading=\"lazy\" decoding=\"async\" width=\"1024\" height=\"683\" src=\"https:\/\/www.camping-closdelachaume.com\/wp-content\/uploads\/2024\/10\/AdobeStock_294233191-1024x683.webp\" class=\"attachment-large size-large\" alt=\"\" srcset=\"https:\/\/www.camping-closdelachaume.com\/wp-content\/uploads\/2024\/10\/AdobeStock_294233191-1024x683.webp 1024w, https:\/\/www.camping-closdelachaume.com\/wp-content\/uploads\/2024\/10\/AdobeStock_294233191-850x567.webp 850w, https:\/\/www.camping-closdelachaume.com\/wp-content\/uploads\/2024\/10\/AdobeStock_294233191-768x512.webp 768w, https:\/\/www.camping-closdelachaume.com\/wp-content\/uploads\/2024\/10\/AdobeStock_294233191-1536x1024.webp 1536w, https:\/\/www.camping-closdelachaume.com\/wp-content\/uploads\/2024\/10\/AdobeStock_294233191.webp 1920w\" sizes=\"(max-width: 1024px) 100vw, 1024px\" title=\"\">        <\/a>\r\n              <a href=\"https:\/\/www.camping-closdelachaume.com\/nl\/alentours\/gedurfd-avontuur\/\" class=\"lieu-alentour currentCat visuel\" data-cat=\"activiteiten\" data-slug=\"gedurfd-avontuur\" data-icone=\"\" data-couleur=\"\" data-latitude=\"48.0026932\" data-longitude=\"6.9078336\">\r\n          <div class=\"texte-lieu\">\r\n            <p class=\"categorie-lieu\">\r\n              <span class=\"fc-icon\"><svg xmlns=\"http:\/\/www.w3.org\/2000\/svg\"  viewBox=\"0 0 384 512\" width=\"16px\" height=\"16px\"><!--! Font Awesome Pro 6.4.2 by @fontawesome - https:\/\/fontawesome.com License - https:\/\/fontawesome.com\/license (Commercial License) Copyright 2023 Fonticons, Inc.--><path d=\"M384 192c0 87.4-117 243-168.3 307.2c-12.3 15.3-35.1 15.3-47.4 0C117 435 0 279.4 0 192C0 86 86 0 192 0S384 86 384 192z\"\/><\/svg><\/span>Activiteiten            <\/p>\r\n            <p class=\"titre-lieu\">Bol d&#8217;Air Aventure <span class=\"fc-icon\"><svg xmlns=\"http:\/\/www.w3.org\/2000\/svg\"  viewBox=\"0 0 448 512\" width=\"16px\" height=\"16px\"><!--! Font Awesome Pro 6.4.2 by @fontawesome - https:\/\/fontawesome.com License - https:\/\/fontawesome.com\/license (Commercial License) Copyright 2023 Fonticons, Inc.--><path d=\"M443.3 267.3c6.2-6.2 6.2-16.4 0-22.6l-176-176c-6.2-6.2-16.4-6.2-22.6 0s-6.2 16.4 0 22.6L393.4 240 16 240c-8.8 0-16 7.2-16 16s7.2 16 16 16l377.4 0L244.7 420.7c-6.2 6.2-6.2 16.4 0 22.6s16.4 6.2 22.6 0l176-176z\"\/><\/svg><\/span><\/p>\r\n          <\/div>\r\n          <img loading=\"lazy\" decoding=\"async\" width=\"1024\" height=\"683\" src=\"https:\/\/www.camping-closdelachaume.com\/wp-content\/uploads\/2024\/10\/bol-air-aventure-1024x683.webp\" class=\"attachment-large size-large\" alt=\"\" srcset=\"https:\/\/www.camping-closdelachaume.com\/wp-content\/uploads\/2024\/10\/bol-air-aventure-1024x683.webp 1024w, https:\/\/www.camping-closdelachaume.com\/wp-content\/uploads\/2024\/10\/bol-air-aventure-850x567.webp 850w, https:\/\/www.camping-closdelachaume.com\/wp-content\/uploads\/2024\/10\/bol-air-aventure-768x512.webp 768w, https:\/\/www.camping-closdelachaume.com\/wp-content\/uploads\/2024\/10\/bol-air-aventure-1536x1025.webp 1536w, https:\/\/www.camping-closdelachaume.com\/wp-content\/uploads\/2024\/10\/bol-air-aventure.webp 1920w\" sizes=\"(max-width: 1024px) 100vw, 1024px\" title=\"\">        <\/a>\r\n              <a href=\"https:\/\/www.camping-closdelachaume.com\/nl\/alentours\/adelaar-vliegend\/\" class=\"lieu-alentour currentCat visuel\" data-cat=\"activiteiten\" data-slug=\"adelaar-vliegend\" data-icone=\"\" data-couleur=\"\" data-latitude=\"48.257\" data-longitude=\"7.3762\">\r\n          <div class=\"texte-lieu\">\r\n            <p class=\"categorie-lieu\">\r\n              <span class=\"fc-icon\"><svg xmlns=\"http:\/\/www.w3.org\/2000\/svg\"  viewBox=\"0 0 384 512\" width=\"16px\" height=\"16px\"><!--! Font Awesome Pro 6.4.2 by @fontawesome - https:\/\/fontawesome.com License - https:\/\/fontawesome.com\/license (Commercial License) Copyright 2023 Fonticons, Inc.--><path d=\"M384 192c0 87.4-117 243-168.3 307.2c-12.3 15.3-35.1 15.3-47.4 0C117 435 0 279.4 0 192C0 86 86 0 192 0S384 86 384 192z\"\/><\/svg><\/span>Activiteiten            <\/p>\r\n            <p class=\"titre-lieu\">Adelaarsvoli\u00e8re <span class=\"fc-icon\"><svg xmlns=\"http:\/\/www.w3.org\/2000\/svg\"  viewBox=\"0 0 448 512\" width=\"16px\" height=\"16px\"><!--! Font Awesome Pro 6.4.2 by @fontawesome - https:\/\/fontawesome.com License - https:\/\/fontawesome.com\/license (Commercial License) Copyright 2023 Fonticons, Inc.--><path d=\"M443.3 267.3c6.2-6.2 6.2-16.4 0-22.6l-176-176c-6.2-6.2-16.4-6.2-22.6 0s-6.2 16.4 0 22.6L393.4 240 16 240c-8.8 0-16 7.2-16 16s7.2 16 16 16l377.4 0L244.7 420.7c-6.2 6.2-6.2 16.4 0 22.6s16.4 6.2 22.6 0l176-176z\"\/><\/svg><\/span><\/p>\r\n          <\/div>\r\n          <img loading=\"lazy\" decoding=\"async\" width=\"1024\" height=\"683\" src=\"https:\/\/www.camping-closdelachaume.com\/wp-content\/uploads\/2024\/10\/aigle-montagne-1024x683.webp\" class=\"attachment-large size-large\" alt=\"aigle-montagne\" srcset=\"https:\/\/www.camping-closdelachaume.com\/wp-content\/uploads\/2024\/10\/aigle-montagne-1024x683.webp 1024w, https:\/\/www.camping-closdelachaume.com\/wp-content\/uploads\/2024\/10\/aigle-montagne-850x567.webp 850w, https:\/\/www.camping-closdelachaume.com\/wp-content\/uploads\/2024\/10\/aigle-montagne-768x512.webp 768w, https:\/\/www.camping-closdelachaume.com\/wp-content\/uploads\/2024\/10\/aigle-montagne-1536x1025.webp 1536w, https:\/\/www.camping-closdelachaume.com\/wp-content\/uploads\/2024\/10\/aigle-montagne.webp 1920w\" sizes=\"(max-width: 1024px) 100vw, 1024px\" title=\"\">        <\/a>\r\n              <a href=\"https:\/\/www.camping-closdelachaume.com\/nl\/alentours\/les-hautes-mynes\/\" class=\"lieu-alentour currentCat visuel\" data-cat=\"activiteiten\" data-slug=\"les-hautes-mynes\" data-icone=\"\" data-couleur=\"\" data-latitude=\"47.875173\" data-longitude=\"6.762155\">\r\n          <div class=\"texte-lieu\">\r\n            <p class=\"categorie-lieu\">\r\n              <span class=\"fc-icon\"><svg xmlns=\"http:\/\/www.w3.org\/2000\/svg\"  viewBox=\"0 0 384 512\" width=\"16px\" height=\"16px\"><!--! Font Awesome Pro 6.4.2 by @fontawesome - https:\/\/fontawesome.com License - https:\/\/fontawesome.com\/license (Commercial License) Copyright 2023 Fonticons, Inc.--><path d=\"M384 192c0 87.4-117 243-168.3 307.2c-12.3 15.3-35.1 15.3-47.4 0C117 435 0 279.4 0 192C0 86 86 0 192 0S384 86 384 192z\"\/><\/svg><\/span>Activiteiten            <\/p>\r\n            <p class=\"titre-lieu\">Hautes-Mynes <span class=\"fc-icon\"><svg xmlns=\"http:\/\/www.w3.org\/2000\/svg\"  viewBox=\"0 0 448 512\" width=\"16px\" height=\"16px\"><!--! Font Awesome Pro 6.4.2 by @fontawesome - https:\/\/fontawesome.com License - https:\/\/fontawesome.com\/license (Commercial License) Copyright 2023 Fonticons, Inc.--><path d=\"M443.3 267.3c6.2-6.2 6.2-16.4 0-22.6l-176-176c-6.2-6.2-16.4-6.2-22.6 0s-6.2 16.4 0 22.6L393.4 240 16 240c-8.8 0-16 7.2-16 16s7.2 16 16 16l377.4 0L244.7 420.7c-6.2 6.2-6.2 16.4 0 22.6s16.4 6.2 22.6 0l176-176z\"\/><\/svg><\/span><\/p>\r\n          <\/div>\r\n          <img loading=\"lazy\" decoding=\"async\" width=\"1024\" height=\"680\" src=\"https:\/\/www.camping-closdelachaume.com\/wp-content\/uploads\/2024\/10\/mine-thillot-1024x680.jpeg\" class=\"attachment-large size-large\" alt=\"\" srcset=\"https:\/\/www.camping-closdelachaume.com\/wp-content\/uploads\/2024\/10\/mine-thillot-1024x680.jpeg 1024w, https:\/\/www.camping-closdelachaume.com\/wp-content\/uploads\/2024\/10\/mine-thillot-850x564.jpeg 850w, https:\/\/www.camping-closdelachaume.com\/wp-content\/uploads\/2024\/10\/mine-thillot-600x398.jpeg 600w, https:\/\/www.camping-closdelachaume.com\/wp-content\/uploads\/2024\/10\/mine-thillot-768x510.jpeg 768w, https:\/\/www.camping-closdelachaume.com\/wp-content\/uploads\/2024\/10\/mine-thillot.jpeg 1280w\" sizes=\"(max-width: 1024px) 100vw, 1024px\" title=\"\">        <\/a>\r\n              <a href=\"https:\/\/www.camping-closdelachaume.com\/nl\/alentours\/wijnen-dalsace-schoenheitz\/\" class=\"lieu-alentour currentCat visuel\" data-cat=\"wandelingen\" data-slug=\"wijnen-dalsace-schoenheitz\" data-icone=\"\" data-couleur=\"\" data-latitude=\"48.0522141\" data-longitude=\"7.2052052\">\r\n          <div class=\"texte-lieu\">\r\n            <p class=\"categorie-lieu\">\r\n              <span class=\"fc-icon\"><svg xmlns=\"http:\/\/www.w3.org\/2000\/svg\"  viewBox=\"0 0 384 512\" width=\"16px\" height=\"16px\"><!--! Font Awesome Pro 6.4.2 by @fontawesome - https:\/\/fontawesome.com License - https:\/\/fontawesome.com\/license (Commercial License) Copyright 2023 Fonticons, Inc.--><path d=\"M384 192c0 87.4-117 243-168.3 307.2c-12.3 15.3-35.1 15.3-47.4 0C117 435 0 279.4 0 192C0 86 86 0 192 0S384 86 384 192z\"\/><\/svg><\/span>Wandelingen            <\/p>\r\n            <p class=\"titre-lieu\">Elzas wijnroute <span class=\"fc-icon\"><svg xmlns=\"http:\/\/www.w3.org\/2000\/svg\"  viewBox=\"0 0 448 512\" width=\"16px\" height=\"16px\"><!--! Font Awesome Pro 6.4.2 by @fontawesome - https:\/\/fontawesome.com License - https:\/\/fontawesome.com\/license (Commercial License) Copyright 2023 Fonticons, Inc.--><path d=\"M443.3 267.3c6.2-6.2 6.2-16.4 0-22.6l-176-176c-6.2-6.2-16.4-6.2-22.6 0s-6.2 16.4 0 22.6L393.4 240 16 240c-8.8 0-16 7.2-16 16s7.2 16 16 16l377.4 0L244.7 420.7c-6.2 6.2-6.2 16.4 0 22.6s16.4 6.2 22.6 0l176-176z\"\/><\/svg><\/span><\/p>\r\n          <\/div>\r\n          <img loading=\"lazy\" decoding=\"async\" width=\"1024\" height=\"683\" src=\"https:\/\/www.camping-closdelachaume.com\/wp-content\/uploads\/2024\/10\/route-des-vins-alsace-7-1024x683.webp\" class=\"attachment-large size-large\" alt=\"\" srcset=\"https:\/\/www.camping-closdelachaume.com\/wp-content\/uploads\/2024\/10\/route-des-vins-alsace-7-1024x683.webp 1024w, https:\/\/www.camping-closdelachaume.com\/wp-content\/uploads\/2024\/10\/route-des-vins-alsace-7-850x567.webp 850w, https:\/\/www.camping-closdelachaume.com\/wp-content\/uploads\/2024\/10\/route-des-vins-alsace-7-768x512.webp 768w, https:\/\/www.camping-closdelachaume.com\/wp-content\/uploads\/2024\/10\/route-des-vins-alsace-7-1536x1024.webp 1536w, https:\/\/www.camping-closdelachaume.com\/wp-content\/uploads\/2024\/10\/route-des-vins-alsace-7.webp 1920w\" sizes=\"(max-width: 1024px) 100vw, 1024px\" title=\"\">        <\/a>\r\n              <a href=\"https:\/\/www.camping-closdelachaume.com\/nl\/alentours\/bezoek-corcieux\/\" class=\"lieu-alentour currentCat visuel\" data-cat=\"steden\" data-slug=\"bezoek-corcieux\" data-icone=\"\" data-couleur=\"\" data-latitude=\"48.1726979\" data-longitude=\"6.878435\">\r\n          <div class=\"texte-lieu\">\r\n            <p class=\"categorie-lieu\">\r\n              <span class=\"fc-icon\"><svg xmlns=\"http:\/\/www.w3.org\/2000\/svg\"  viewBox=\"0 0 384 512\" width=\"16px\" height=\"16px\"><!--! Font Awesome Pro 6.4.2 by @fontawesome - https:\/\/fontawesome.com License - https:\/\/fontawesome.com\/license (Commercial License) Copyright 2023 Fonticons, Inc.--><path d=\"M384 192c0 87.4-117 243-168.3 307.2c-12.3 15.3-35.1 15.3-47.4 0C117 435 0 279.4 0 192C0 86 86 0 192 0S384 86 384 192z\"\/><\/svg><\/span>Steden            <\/p>\r\n            <p class=\"titre-lieu\">Corcieux <span class=\"fc-icon\"><svg xmlns=\"http:\/\/www.w3.org\/2000\/svg\"  viewBox=\"0 0 448 512\" width=\"16px\" height=\"16px\"><!--! Font Awesome Pro 6.4.2 by @fontawesome - https:\/\/fontawesome.com License - https:\/\/fontawesome.com\/license (Commercial License) Copyright 2023 Fonticons, Inc.--><path d=\"M443.3 267.3c6.2-6.2 6.2-16.4 0-22.6l-176-176c-6.2-6.2-16.4-6.2-22.6 0s-6.2 16.4 0 22.6L393.4 240 16 240c-8.8 0-16 7.2-16 16s7.2 16 16 16l377.4 0L244.7 420.7c-6.2 6.2-6.2 16.4 0 22.6s16.4 6.2 22.6 0l176-176z\"\/><\/svg><\/span><\/p>\r\n          <\/div>\r\n          <img loading=\"lazy\" decoding=\"async\" width=\"1024\" height=\"768\" src=\"https:\/\/www.camping-closdelachaume.com\/wp-content\/uploads\/2024\/10\/corcieux-vue-aerienne-1024x768.webp\" class=\"attachment-large size-large\" alt=\"\" srcset=\"https:\/\/www.camping-closdelachaume.com\/wp-content\/uploads\/2024\/10\/corcieux-vue-aerienne-1024x768.webp 1024w, https:\/\/www.camping-closdelachaume.com\/wp-content\/uploads\/2024\/10\/corcieux-vue-aerienne-850x638.webp 850w, https:\/\/www.camping-closdelachaume.com\/wp-content\/uploads\/2024\/10\/corcieux-vue-aerienne-768x576.webp 768w, https:\/\/www.camping-closdelachaume.com\/wp-content\/uploads\/2024\/10\/corcieux-vue-aerienne-1536x1152.webp 1536w, https:\/\/www.camping-closdelachaume.com\/wp-content\/uploads\/2024\/10\/corcieux-vue-aerienne.webp 1920w\" sizes=\"(max-width: 1024px) 100vw, 1024px\" title=\"\">        <\/a>\r\n              <a href=\"https:\/\/www.camping-closdelachaume.com\/nl\/alentours\/wandelingen-rond-de-meren-van-de-vogezen\/\" class=\"lieu-alentour currentCat visuel\" data-cat=\"wandelingen\" data-slug=\"wandelingen-rond-de-meren-van-de-vogezen\" data-icone=\"\" data-couleur=\"\" data-latitude=\"48.0552039\" data-longitude=\"6.9444394\">\r\n          <div class=\"texte-lieu\">\r\n            <p class=\"categorie-lieu\">\r\n              <span class=\"fc-icon\"><svg xmlns=\"http:\/\/www.w3.org\/2000\/svg\"  viewBox=\"0 0 384 512\" width=\"16px\" height=\"16px\"><!--! Font Awesome Pro 6.4.2 by @fontawesome - https:\/\/fontawesome.com License - https:\/\/fontawesome.com\/license (Commercial License) Copyright 2023 Fonticons, Inc.--><path d=\"M384 192c0 87.4-117 243-168.3 307.2c-12.3 15.3-35.1 15.3-47.4 0C117 435 0 279.4 0 192C0 86 86 0 192 0S384 86 384 192z\"\/><\/svg><\/span>Wandelingen            <\/p>\r\n            <p class=\"titre-lieu\">Meren van de Vogezen <span class=\"fc-icon\"><svg xmlns=\"http:\/\/www.w3.org\/2000\/svg\"  viewBox=\"0 0 448 512\" width=\"16px\" height=\"16px\"><!--! Font Awesome Pro 6.4.2 by @fontawesome - https:\/\/fontawesome.com License - https:\/\/fontawesome.com\/license (Commercial License) Copyright 2023 Fonticons, Inc.--><path d=\"M443.3 267.3c6.2-6.2 6.2-16.4 0-22.6l-176-176c-6.2-6.2-16.4-6.2-22.6 0s-6.2 16.4 0 22.6L393.4 240 16 240c-8.8 0-16 7.2-16 16s7.2 16 16 16l377.4 0L244.7 420.7c-6.2 6.2-6.2 16.4 0 22.6s16.4 6.2 22.6 0l176-176z\"\/><\/svg><\/span><\/p>\r\n          <\/div>\r\n          <img loading=\"lazy\" decoding=\"async\" width=\"1024\" height=\"680\" src=\"https:\/\/www.camping-closdelachaume.com\/wp-content\/uploads\/2024\/10\/lac-montagne-randonnee-1024x680.webp\" class=\"attachment-large size-large\" alt=\"\" srcset=\"https:\/\/www.camping-closdelachaume.com\/wp-content\/uploads\/2024\/10\/lac-montagne-randonnee-1024x680.webp 1024w, https:\/\/www.camping-closdelachaume.com\/wp-content\/uploads\/2024\/10\/lac-montagne-randonnee-850x564.webp 850w, https:\/\/www.camping-closdelachaume.com\/wp-content\/uploads\/2024\/10\/lac-montagne-randonnee-768x510.webp 768w, https:\/\/www.camping-closdelachaume.com\/wp-content\/uploads\/2024\/10\/lac-montagne-randonnee-1536x1020.webp 1536w, https:\/\/www.camping-closdelachaume.com\/wp-content\/uploads\/2024\/10\/lac-montagne-randonnee.webp 1920w\" sizes=\"(max-width: 1024px) 100vw, 1024px\" title=\"\">        <\/a>\r\n              <a href=\"https:\/\/www.camping-closdelachaume.com\/nl\/alentours\/route-des-cretes\/\" class=\"lieu-alentour currentCat visuel\" data-cat=\"wandelingen\" data-slug=\"route-des-cretes\" data-icone=\"\" data-couleur=\"\" data-latitude=\"48.2463225\" data-longitude=\"7.182132\">\r\n          <div class=\"texte-lieu\">\r\n            <p class=\"categorie-lieu\">\r\n              <span class=\"fc-icon\"><svg xmlns=\"http:\/\/www.w3.org\/2000\/svg\"  viewBox=\"0 0 384 512\" width=\"16px\" height=\"16px\"><!--! Font Awesome Pro 6.4.2 by @fontawesome - https:\/\/fontawesome.com License - https:\/\/fontawesome.com\/license (Commercial License) Copyright 2023 Fonticons, Inc.--><path d=\"M384 192c0 87.4-117 243-168.3 307.2c-12.3 15.3-35.1 15.3-47.4 0C117 435 0 279.4 0 192C0 86 86 0 192 0S384 86 384 192z\"\/><\/svg><\/span>Wandelingen            <\/p>\r\n            <p class=\"titre-lieu\">Route des cr\u00eates <span class=\"fc-icon\"><svg xmlns=\"http:\/\/www.w3.org\/2000\/svg\"  viewBox=\"0 0 448 512\" width=\"16px\" height=\"16px\"><!--! Font Awesome Pro 6.4.2 by @fontawesome - https:\/\/fontawesome.com License - https:\/\/fontawesome.com\/license (Commercial License) Copyright 2023 Fonticons, Inc.--><path d=\"M443.3 267.3c6.2-6.2 6.2-16.4 0-22.6l-176-176c-6.2-6.2-16.4-6.2-22.6 0s-6.2 16.4 0 22.6L393.4 240 16 240c-8.8 0-16 7.2-16 16s7.2 16 16 16l377.4 0L244.7 420.7c-6.2 6.2-6.2 16.4 0 22.6s16.4 6.2 22.6 0l176-176z\"\/><\/svg><\/span><\/p>\r\n          <\/div>\r\n          <img loading=\"lazy\" decoding=\"async\" width=\"1024\" height=\"479\" src=\"https:\/\/www.camping-closdelachaume.com\/wp-content\/uploads\/2025\/01\/photo-route-des-cretes-1580-1024x479.jpg\" class=\"attachment-large size-large\" alt=\"\" srcset=\"https:\/\/www.camping-closdelachaume.com\/wp-content\/uploads\/2025\/01\/photo-route-des-cretes-1580-1024x479.jpg 1024w, https:\/\/www.camping-closdelachaume.com\/wp-content\/uploads\/2025\/01\/photo-route-des-cretes-1580-850x398.jpg 850w, https:\/\/www.camping-closdelachaume.com\/wp-content\/uploads\/2025\/01\/photo-route-des-cretes-1580-600x281.jpg 600w, https:\/\/www.camping-closdelachaume.com\/wp-content\/uploads\/2025\/01\/photo-route-des-cretes-1580-768x359.jpg 768w, https:\/\/www.camping-closdelachaume.com\/wp-content\/uploads\/2025\/01\/photo-route-des-cretes-1580-1536x719.jpg 1536w, https:\/\/www.camping-closdelachaume.com\/wp-content\/uploads\/2025\/01\/photo-route-des-cretes-1580.jpg 1571w\" sizes=\"(max-width: 1024px) 100vw, 1024px\" title=\"\">        <\/a>\r\n              <a href=\"https:\/\/www.camping-closdelachaume.com\/nl\/alentours\/bezoek-la-bresse\/\" class=\"lieu-alentour currentCat visuel\" data-cat=\"steden\" data-slug=\"bezoek-la-bresse\" data-icone=\"\" data-couleur=\"\" data-latitude=\"48.003953\" data-longitude=\"6.873675\">\r\n          <div class=\"texte-lieu\">\r\n            <p class=\"categorie-lieu\">\r\n              <span class=\"fc-icon\"><svg xmlns=\"http:\/\/www.w3.org\/2000\/svg\"  viewBox=\"0 0 384 512\" width=\"16px\" height=\"16px\"><!--! Font Awesome Pro 6.4.2 by @fontawesome - https:\/\/fontawesome.com License - https:\/\/fontawesome.com\/license (Commercial License) Copyright 2023 Fonticons, Inc.--><path d=\"M384 192c0 87.4-117 243-168.3 307.2c-12.3 15.3-35.1 15.3-47.4 0C117 435 0 279.4 0 192C0 86 86 0 192 0S384 86 384 192z\"\/><\/svg><\/span>Steden            <\/p>\r\n            <p class=\"titre-lieu\">La Bresse <span class=\"fc-icon\"><svg xmlns=\"http:\/\/www.w3.org\/2000\/svg\"  viewBox=\"0 0 448 512\" width=\"16px\" height=\"16px\"><!--! Font Awesome Pro 6.4.2 by @fontawesome - https:\/\/fontawesome.com License - https:\/\/fontawesome.com\/license (Commercial License) Copyright 2023 Fonticons, Inc.--><path d=\"M443.3 267.3c6.2-6.2 6.2-16.4 0-22.6l-176-176c-6.2-6.2-16.4-6.2-22.6 0s-6.2 16.4 0 22.6L393.4 240 16 240c-8.8 0-16 7.2-16 16s7.2 16 16 16l377.4 0L244.7 420.7c-6.2 6.2-6.2 16.4 0 22.6s16.4 6.2 22.6 0l176-176z\"\/><\/svg><\/span><\/p>\r\n          <\/div>\r\n          <img loading=\"lazy\" decoding=\"async\" width=\"1024\" height=\"683\" src=\"https:\/\/www.camping-closdelachaume.com\/wp-content\/uploads\/2024\/10\/lac-montagne-clos-chaume-bresse-1024x683.webp\" class=\"attachment-large size-large\" alt=\"\" srcset=\"https:\/\/www.camping-closdelachaume.com\/wp-content\/uploads\/2024\/10\/lac-montagne-clos-chaume-bresse-1024x683.webp 1024w, https:\/\/www.camping-closdelachaume.com\/wp-content\/uploads\/2024\/10\/lac-montagne-clos-chaume-bresse-850x567.webp 850w, https:\/\/www.camping-closdelachaume.com\/wp-content\/uploads\/2024\/10\/lac-montagne-clos-chaume-bresse-768x512.webp 768w, https:\/\/www.camping-closdelachaume.com\/wp-content\/uploads\/2024\/10\/lac-montagne-clos-chaume-bresse-1536x1024.webp 1536w, https:\/\/www.camping-closdelachaume.com\/wp-content\/uploads\/2024\/10\/lac-montagne-clos-chaume-bresse.webp 1920w\" sizes=\"(max-width: 1024px) 100vw, 1024px\" title=\"\">        <\/a>\r\n              <a href=\"https:\/\/www.camping-closdelachaume.com\/nl\/alentours\/vergoedingenpertuis-stad\/\" class=\"lieu-alentour currentCat visuel\" data-cat=\"\" data-slug=\"vergoedingenpertuis-stad\" data-icone=\"\" data-couleur=\"\" data-latitude=\"48.3242974\" data-longitude=\"6.7265122\">\r\n          <div class=\"texte-lieu\">\r\n            <p class=\"categorie-lieu\">\r\n              <span class=\"fc-icon\"><svg xmlns=\"http:\/\/www.w3.org\/2000\/svg\"  viewBox=\"0 0 384 512\" width=\"16px\" height=\"16px\"><!--! Font Awesome Pro 6.4.2 by @fontawesome - https:\/\/fontawesome.com License - https:\/\/fontawesome.com\/license (Commercial License) Copyright 2023 Fonticons, Inc.--><path d=\"M384 192c0 87.4-117 243-168.3 307.2c-12.3 15.3-35.1 15.3-47.4 0C117 435 0 279.4 0 192C0 86 86 0 192 0S384 86 384 192z\"\/><\/svg><\/span>Geen categorie            <\/p>\r\n            <p class=\"titre-lieu\">Fraispertuis Stad <span class=\"fc-icon\"><svg xmlns=\"http:\/\/www.w3.org\/2000\/svg\"  viewBox=\"0 0 448 512\" width=\"16px\" height=\"16px\"><!--! Font Awesome Pro 6.4.2 by @fontawesome - https:\/\/fontawesome.com License - https:\/\/fontawesome.com\/license (Commercial License) Copyright 2023 Fonticons, Inc.--><path d=\"M443.3 267.3c6.2-6.2 6.2-16.4 0-22.6l-176-176c-6.2-6.2-16.4-6.2-22.6 0s-6.2 16.4 0 22.6L393.4 240 16 240c-8.8 0-16 7.2-16 16s7.2 16 16 16l377.4 0L244.7 420.7c-6.2 6.2-6.2 16.4 0 22.6s16.4 6.2 22.6 0l176-176z\"\/><\/svg><\/span><\/p>\r\n          <\/div>\r\n          <img loading=\"lazy\" decoding=\"async\" width=\"1024\" height=\"713\" src=\"https:\/\/www.camping-closdelachaume.com\/wp-content\/uploads\/2024\/10\/parc-attraction-1024x713.webp\" class=\"attachment-large size-large\" alt=\"\" srcset=\"https:\/\/www.camping-closdelachaume.com\/wp-content\/uploads\/2024\/10\/parc-attraction-1024x713.webp 1024w, https:\/\/www.camping-closdelachaume.com\/wp-content\/uploads\/2024\/10\/parc-attraction-850x592.webp 850w, https:\/\/www.camping-closdelachaume.com\/wp-content\/uploads\/2024\/10\/parc-attraction-768x535.webp 768w, https:\/\/www.camping-closdelachaume.com\/wp-content\/uploads\/2024\/10\/parc-attraction-1536x1070.webp 1536w, https:\/\/www.camping-closdelachaume.com\/wp-content\/uploads\/2024\/10\/parc-attraction.webp 1920w\" sizes=\"(max-width: 1024px) 100vw, 1024px\" title=\"\">        <\/a>\r\n              <a href=\"https:\/\/www.camping-closdelachaume.com\/nl\/alentours\/grote-cascade-de-pees\/\" class=\"lieu-alentour currentCat visuel\" data-cat=\"wandelingen\" data-slug=\"grote-cascade-de-pees\" data-icone=\"\" data-couleur=\"\" data-latitude=\"48.099326\" data-longitude=\"6.697735\">\r\n          <div class=\"texte-lieu\">\r\n            <p class=\"categorie-lieu\">\r\n              <span class=\"fc-icon\"><svg xmlns=\"http:\/\/www.w3.org\/2000\/svg\"  viewBox=\"0 0 384 512\" width=\"16px\" height=\"16px\"><!--! Font Awesome Pro 6.4.2 by @fontawesome - https:\/\/fontawesome.com License - https:\/\/fontawesome.com\/license (Commercial License) Copyright 2023 Fonticons, Inc.--><path d=\"M384 192c0 87.4-117 243-168.3 307.2c-12.3 15.3-35.1 15.3-47.4 0C117 435 0 279.4 0 192C0 86 86 0 192 0S384 86 384 192z\"\/><\/svg><\/span>Wandelingen            <\/p>\r\n            <p class=\"titre-lieu\">Pees waterval <span class=\"fc-icon\"><svg xmlns=\"http:\/\/www.w3.org\/2000\/svg\"  viewBox=\"0 0 448 512\" width=\"16px\" height=\"16px\"><!--! Font Awesome Pro 6.4.2 by @fontawesome - https:\/\/fontawesome.com License - https:\/\/fontawesome.com\/license (Commercial License) Copyright 2023 Fonticons, Inc.--><path d=\"M443.3 267.3c6.2-6.2 6.2-16.4 0-22.6l-176-176c-6.2-6.2-16.4-6.2-22.6 0s-6.2 16.4 0 22.6L393.4 240 16 240c-8.8 0-16 7.2-16 16s7.2 16 16 16l377.4 0L244.7 420.7c-6.2 6.2-6.2 16.4 0 22.6s16.4 6.2 22.6 0l176-176z\"\/><\/svg><\/span><\/p>\r\n          <\/div>\r\n          <img loading=\"lazy\" decoding=\"async\" width=\"1024\" height=\"683\" src=\"https:\/\/www.camping-closdelachaume.com\/wp-content\/uploads\/2024\/10\/tendon-cascade-1024x683.webp\" class=\"attachment-large size-large\" alt=\"\" srcset=\"https:\/\/www.camping-closdelachaume.com\/wp-content\/uploads\/2024\/10\/tendon-cascade-1024x683.webp 1024w, https:\/\/www.camping-closdelachaume.com\/wp-content\/uploads\/2024\/10\/tendon-cascade-850x567.webp 850w, https:\/\/www.camping-closdelachaume.com\/wp-content\/uploads\/2024\/10\/tendon-cascade-768x512.webp 768w, https:\/\/www.camping-closdelachaume.com\/wp-content\/uploads\/2024\/10\/tendon-cascade-1536x1024.webp 1536w, https:\/\/www.camping-closdelachaume.com\/wp-content\/uploads\/2024\/10\/tendon-cascade.webp 1920w\" sizes=\"(max-width: 1024px) 100vw, 1024px\" title=\"\">        <\/a>\r\n              <a href=\"https:\/\/www.camping-closdelachaume.com\/nl\/alentours\/regionaal-natuurpark-van-ballons-des-vosges\/\" class=\"lieu-alentour currentCat visuel\" data-cat=\"wandelingen\" data-slug=\"regionaal-natuurpark-van-ballons-des-vosges\" data-icone=\"\" data-couleur=\"\" data-latitude=\"48.0396744\" data-longitude=\"7.1383959\">\r\n          <div class=\"texte-lieu\">\r\n            <p class=\"categorie-lieu\">\r\n              <span class=\"fc-icon\"><svg xmlns=\"http:\/\/www.w3.org\/2000\/svg\"  viewBox=\"0 0 384 512\" width=\"16px\" height=\"16px\"><!--! Font Awesome Pro 6.4.2 by @fontawesome - https:\/\/fontawesome.com License - https:\/\/fontawesome.com\/license (Commercial License) Copyright 2023 Fonticons, Inc.--><path d=\"M384 192c0 87.4-117 243-168.3 307.2c-12.3 15.3-35.1 15.3-47.4 0C117 435 0 279.4 0 192C0 86 86 0 192 0S384 86 384 192z\"\/><\/svg><\/span>Wandelingen            <\/p>\r\n            <p class=\"titre-lieu\">Ballons des Vosges <span class=\"fc-icon\"><svg xmlns=\"http:\/\/www.w3.org\/2000\/svg\"  viewBox=\"0 0 448 512\" width=\"16px\" height=\"16px\"><!--! Font Awesome Pro 6.4.2 by @fontawesome - https:\/\/fontawesome.com License - https:\/\/fontawesome.com\/license (Commercial License) Copyright 2023 Fonticons, Inc.--><path d=\"M443.3 267.3c6.2-6.2 6.2-16.4 0-22.6l-176-176c-6.2-6.2-16.4-6.2-22.6 0s-6.2 16.4 0 22.6L393.4 240 16 240c-8.8 0-16 7.2-16 16s7.2 16 16 16l377.4 0L244.7 420.7c-6.2 6.2-6.2 16.4 0 22.6s16.4 6.2 22.6 0l176-176z\"\/><\/svg><\/span><\/p>\r\n          <\/div>\r\n          <img loading=\"lazy\" decoding=\"async\" width=\"1024\" height=\"679\" src=\"https:\/\/www.camping-closdelachaume.com\/wp-content\/uploads\/2025\/01\/AdobeStock_353428574-1024x679.jpeg\" class=\"attachment-large size-large\" alt=\"\" srcset=\"https:\/\/www.camping-closdelachaume.com\/wp-content\/uploads\/2025\/01\/AdobeStock_353428574-1024x679.jpeg 1024w, https:\/\/www.camping-closdelachaume.com\/wp-content\/uploads\/2025\/01\/AdobeStock_353428574-850x564.jpeg 850w, https:\/\/www.camping-closdelachaume.com\/wp-content\/uploads\/2025\/01\/AdobeStock_353428574-768x509.jpeg 768w, https:\/\/www.camping-closdelachaume.com\/wp-content\/uploads\/2025\/01\/AdobeStock_353428574.jpeg 1280w\" sizes=\"(max-width: 1024px) 100vw, 1024px\" title=\"\">        <\/a>\r\n              <a href=\"https:\/\/www.camping-closdelachaume.com\/nl\/alentours\/vakantie-activiteiten-lotharingen\/\" class=\"lieu-alentour currentCat visuel\" data-cat=\"activiteiten\" data-slug=\"vakantie-activiteiten-lotharingen\" data-icone=\"\" data-couleur=\"\" data-latitude=\"48.1726979\" data-longitude=\"6.878435\">\r\n          <div class=\"texte-lieu\">\r\n            <p class=\"categorie-lieu\">\r\n              <span class=\"fc-icon\"><svg xmlns=\"http:\/\/www.w3.org\/2000\/svg\"  viewBox=\"0 0 384 512\" width=\"16px\" height=\"16px\"><!--! Font Awesome Pro 6.4.2 by @fontawesome - https:\/\/fontawesome.com License - https:\/\/fontawesome.com\/license (Commercial License) Copyright 2023 Fonticons, Inc.--><path d=\"M384 192c0 87.4-117 243-168.3 307.2c-12.3 15.3-35.1 15.3-47.4 0C117 435 0 279.4 0 192C0 86 86 0 192 0S384 86 384 192z\"\/><\/svg><\/span>Activiteiten            <\/p>\r\n            <p class=\"titre-lieu\">Wat te doen op vakantie in Lotharingen <span class=\"fc-icon\"><svg xmlns=\"http:\/\/www.w3.org\/2000\/svg\"  viewBox=\"0 0 448 512\" width=\"16px\" height=\"16px\"><!--! Font Awesome Pro 6.4.2 by @fontawesome - https:\/\/fontawesome.com License - https:\/\/fontawesome.com\/license (Commercial License) Copyright 2023 Fonticons, Inc.--><path d=\"M443.3 267.3c6.2-6.2 6.2-16.4 0-22.6l-176-176c-6.2-6.2-16.4-6.2-22.6 0s-6.2 16.4 0 22.6L393.4 240 16 240c-8.8 0-16 7.2-16 16s7.2 16 16 16l377.4 0L244.7 420.7c-6.2 6.2-6.2 16.4 0 22.6s16.4 6.2 22.6 0l176-176z\"\/><\/svg><\/span><\/p>\r\n          <\/div>\r\n          <img loading=\"lazy\" decoding=\"async\" width=\"1024\" height=\"683\" src=\"https:\/\/www.camping-closdelachaume.com\/wp-content\/uploads\/2024\/10\/route-des-vins-alsace-4-1024x683.webp\" class=\"attachment-large size-large\" alt=\"\" srcset=\"https:\/\/www.camping-closdelachaume.com\/wp-content\/uploads\/2024\/10\/route-des-vins-alsace-4-1024x683.webp 1024w, https:\/\/www.camping-closdelachaume.com\/wp-content\/uploads\/2024\/10\/route-des-vins-alsace-4-850x567.webp 850w, https:\/\/www.camping-closdelachaume.com\/wp-content\/uploads\/2024\/10\/route-des-vins-alsace-4-768x512.webp 768w, https:\/\/www.camping-closdelachaume.com\/wp-content\/uploads\/2024\/10\/route-des-vins-alsace-4-1536x1025.webp 1536w, https:\/\/www.camping-closdelachaume.com\/wp-content\/uploads\/2024\/10\/route-des-vins-alsace-4.webp 1920w\" sizes=\"(max-width: 1024px) 100vw, 1024px\" title=\"\">        <\/a>\r\n              <a href=\"https:\/\/www.camping-closdelachaume.com\/nl\/alentours\/zoetwaren-des-hautes-vosges\/\" class=\"lieu-alentour currentCat visuel\" data-cat=\"activiteiten\" data-slug=\"zoetwaren-des-hautes-vosges\" data-icone=\"\" data-couleur=\"\" data-latitude=\"48.146568\" data-longitude=\"7.011101\">\r\n          <div class=\"texte-lieu\">\r\n            <p class=\"categorie-lieu\">\r\n              <span class=\"fc-icon\"><svg xmlns=\"http:\/\/www.w3.org\/2000\/svg\"  viewBox=\"0 0 384 512\" width=\"16px\" height=\"16px\"><!--! Font Awesome Pro 6.4.2 by @fontawesome - https:\/\/fontawesome.com License - https:\/\/fontawesome.com\/license (Commercial License) Copyright 2023 Fonticons, Inc.--><path d=\"M384 192c0 87.4-117 243-168.3 307.2c-12.3 15.3-35.1 15.3-47.4 0C117 435 0 279.4 0 192C0 86 86 0 192 0S384 86 384 192z\"\/><\/svg><\/span>Activiteiten            <\/p>\r\n            <p class=\"titre-lieu\">Confiserie des Hautes Vosges <span class=\"fc-icon\"><svg xmlns=\"http:\/\/www.w3.org\/2000\/svg\"  viewBox=\"0 0 448 512\" width=\"16px\" height=\"16px\"><!--! Font Awesome Pro 6.4.2 by @fontawesome - https:\/\/fontawesome.com License - https:\/\/fontawesome.com\/license (Commercial License) Copyright 2023 Fonticons, Inc.--><path d=\"M443.3 267.3c6.2-6.2 6.2-16.4 0-22.6l-176-176c-6.2-6.2-16.4-6.2-22.6 0s-6.2 16.4 0 22.6L393.4 240 16 240c-8.8 0-16 7.2-16 16s7.2 16 16 16l377.4 0L244.7 420.7c-6.2 6.2-6.2 16.4 0 22.6s16.4 6.2 22.6 0l176-176z\"\/><\/svg><\/span><\/p>\r\n          <\/div>\r\n          <img loading=\"lazy\" decoding=\"async\" width=\"1024\" height=\"683\" src=\"https:\/\/www.camping-closdelachaume.com\/wp-content\/uploads\/2024\/10\/bonbons-confiserie-des-hautes-vosges-1024x683.webp\" class=\"attachment-large size-large\" alt=\"\" srcset=\"https:\/\/www.camping-closdelachaume.com\/wp-content\/uploads\/2024\/10\/bonbons-confiserie-des-hautes-vosges-1024x683.webp 1024w, https:\/\/www.camping-closdelachaume.com\/wp-content\/uploads\/2024\/10\/bonbons-confiserie-des-hautes-vosges-850x567.webp 850w, https:\/\/www.camping-closdelachaume.com\/wp-content\/uploads\/2024\/10\/bonbons-confiserie-des-hautes-vosges-768x512.webp 768w, https:\/\/www.camping-closdelachaume.com\/wp-content\/uploads\/2024\/10\/bonbons-confiserie-des-hautes-vosges-1536x1024.webp 1536w, https:\/\/www.camping-closdelachaume.com\/wp-content\/uploads\/2024\/10\/bonbons-confiserie-des-hautes-vosges.webp 1920w\" sizes=\"(max-width: 1024px) 100vw, 1024px\" title=\"\">        <\/a>\r\n              <a href=\"https:\/\/www.camping-closdelachaume.com\/nl\/alentours\/dierenpark-sainte-croix\/\" class=\"lieu-alentour currentCat visuel\" data-cat=\"activiteiten\" data-slug=\"dierenpark-sainte-croix\" data-icone=\"\" data-couleur=\"\" data-latitude=\"48.771829\" data-longitude=\"6.895211\">\r\n          <div class=\"texte-lieu\">\r\n            <p class=\"categorie-lieu\">\r\n              <span class=\"fc-icon\"><svg xmlns=\"http:\/\/www.w3.org\/2000\/svg\"  viewBox=\"0 0 384 512\" width=\"16px\" height=\"16px\"><!--! Font Awesome Pro 6.4.2 by @fontawesome - https:\/\/fontawesome.com License - https:\/\/fontawesome.com\/license (Commercial License) Copyright 2023 Fonticons, Inc.--><path d=\"M384 192c0 87.4-117 243-168.3 307.2c-12.3 15.3-35.1 15.3-47.4 0C117 435 0 279.4 0 192C0 86 86 0 192 0S384 86 384 192z\"\/><\/svg><\/span>Activiteiten            <\/p>\r\n            <p class=\"titre-lieu\">Wildpark Sainte-Croix <span class=\"fc-icon\"><svg xmlns=\"http:\/\/www.w3.org\/2000\/svg\"  viewBox=\"0 0 448 512\" width=\"16px\" height=\"16px\"><!--! Font Awesome Pro 6.4.2 by @fontawesome - https:\/\/fontawesome.com License - https:\/\/fontawesome.com\/license (Commercial License) Copyright 2023 Fonticons, Inc.--><path d=\"M443.3 267.3c6.2-6.2 6.2-16.4 0-22.6l-176-176c-6.2-6.2-16.4-6.2-22.6 0s-6.2 16.4 0 22.6L393.4 240 16 240c-8.8 0-16 7.2-16 16s7.2 16 16 16l377.4 0L244.7 420.7c-6.2 6.2-6.2 16.4 0 22.6s16.4 6.2 22.6 0l176-176z\"\/><\/svg><\/span><\/p>\r\n          <\/div>\r\n          <img loading=\"lazy\" decoding=\"async\" width=\"1024\" height=\"576\" src=\"https:\/\/www.camping-closdelachaume.com\/wp-content\/uploads\/2024\/10\/parc-loups-1024x576.webp\" class=\"attachment-large size-large\" alt=\"\" srcset=\"https:\/\/www.camping-closdelachaume.com\/wp-content\/uploads\/2024\/10\/parc-loups-1024x576.webp 1024w, https:\/\/www.camping-closdelachaume.com\/wp-content\/uploads\/2024\/10\/parc-loups-850x478.webp 850w, https:\/\/www.camping-closdelachaume.com\/wp-content\/uploads\/2024\/10\/parc-loups-768x432.webp 768w, https:\/\/www.camping-closdelachaume.com\/wp-content\/uploads\/2024\/10\/parc-loups-1536x864.webp 1536w, https:\/\/www.camping-closdelachaume.com\/wp-content\/uploads\/2024\/10\/parc-loups.webp 1920w\" sizes=\"(max-width: 1024px) 100vw, 1024px\" title=\"\">        <\/a>\r\n              <a href=\"https:\/\/www.camping-closdelachaume.com\/nl\/alentours\/activiteiten-vogezen\/\" class=\"lieu-alentour currentCat visuel\" data-cat=\"activiteiten\" data-slug=\"activiteiten-vogezen\" data-icone=\"\" data-couleur=\"\" data-latitude=\"48.1681909\" data-longitude=\"6.8898871\">\r\n          <div class=\"texte-lieu\">\r\n            <p class=\"categorie-lieu\">\r\n              <span class=\"fc-icon\"><svg xmlns=\"http:\/\/www.w3.org\/2000\/svg\"  viewBox=\"0 0 384 512\" width=\"16px\" height=\"16px\"><!--! Font Awesome Pro 6.4.2 by @fontawesome - https:\/\/fontawesome.com License - https:\/\/fontawesome.com\/license (Commercial License) Copyright 2023 Fonticons, Inc.--><path d=\"M384 192c0 87.4-117 243-168.3 307.2c-12.3 15.3-35.1 15.3-47.4 0C117 435 0 279.4 0 192C0 86 86 0 192 0S384 86 384 192z\"\/><\/svg><\/span>Activiteiten            <\/p>\r\n            <p class=\"titre-lieu\">De beste activiteiten in de Vogezen <span class=\"fc-icon\"><svg xmlns=\"http:\/\/www.w3.org\/2000\/svg\"  viewBox=\"0 0 448 512\" width=\"16px\" height=\"16px\"><!--! Font Awesome Pro 6.4.2 by @fontawesome - https:\/\/fontawesome.com License - https:\/\/fontawesome.com\/license (Commercial License) Copyright 2023 Fonticons, Inc.--><path d=\"M443.3 267.3c6.2-6.2 6.2-16.4 0-22.6l-176-176c-6.2-6.2-16.4-6.2-22.6 0s-6.2 16.4 0 22.6L393.4 240 16 240c-8.8 0-16 7.2-16 16s7.2 16 16 16l377.4 0L244.7 420.7c-6.2 6.2-6.2 16.4 0 22.6s16.4 6.2 22.6 0l176-176z\"\/><\/svg><\/span><\/p>\r\n          <\/div>\r\n          <img loading=\"lazy\" decoding=\"async\" width=\"1024\" height=\"683\" src=\"https:\/\/www.camping-closdelachaume.com\/wp-content\/uploads\/2024\/10\/bresse-lac-1024x683.webp\" class=\"attachment-large size-large\" alt=\"\" srcset=\"https:\/\/www.camping-closdelachaume.com\/wp-content\/uploads\/2024\/10\/bresse-lac-1024x683.webp 1024w, https:\/\/www.camping-closdelachaume.com\/wp-content\/uploads\/2024\/10\/bresse-lac-850x567.webp 850w, https:\/\/www.camping-closdelachaume.com\/wp-content\/uploads\/2024\/10\/bresse-lac-768x512.webp 768w, https:\/\/www.camping-closdelachaume.com\/wp-content\/uploads\/2024\/10\/bresse-lac-1536x1024.webp 1536w, https:\/\/www.camping-closdelachaume.com\/wp-content\/uploads\/2024\/10\/bresse-lac.webp 1920w\" sizes=\"(max-width: 1024px) 100vw, 1024px\" title=\"\">        <\/a>\r\n              <a href=\"https:\/\/www.camping-closdelachaume.com\/nl\/alentours\/chateau-du-haut-koenigsbourg\/\" class=\"lieu-alentour currentCat visuel\" data-cat=\"activiteiten\" data-slug=\"chateau-du-haut-koenigsbourg\" data-icone=\"\" data-couleur=\"\" data-latitude=\"48.2494853\" data-longitude=\"7.3444831\">\r\n          <div class=\"texte-lieu\">\r\n            <p class=\"categorie-lieu\">\r\n              <span class=\"fc-icon\"><svg xmlns=\"http:\/\/www.w3.org\/2000\/svg\"  viewBox=\"0 0 384 512\" width=\"16px\" height=\"16px\"><!--! Font Awesome Pro 6.4.2 by @fontawesome - https:\/\/fontawesome.com License - https:\/\/fontawesome.com\/license (Commercial License) Copyright 2023 Fonticons, Inc.--><path d=\"M384 192c0 87.4-117 243-168.3 307.2c-12.3 15.3-35.1 15.3-47.4 0C117 435 0 279.4 0 192C0 86 86 0 192 0S384 86 384 192z\"\/><\/svg><\/span>Activiteiten            <\/p>\r\n            <p class=\"titre-lieu\">Kasteel van Haut-Koenigsbourg <span class=\"fc-icon\"><svg xmlns=\"http:\/\/www.w3.org\/2000\/svg\"  viewBox=\"0 0 448 512\" width=\"16px\" height=\"16px\"><!--! Font Awesome Pro 6.4.2 by @fontawesome - https:\/\/fontawesome.com License - https:\/\/fontawesome.com\/license (Commercial License) Copyright 2023 Fonticons, Inc.--><path d=\"M443.3 267.3c6.2-6.2 6.2-16.4 0-22.6l-176-176c-6.2-6.2-16.4-6.2-22.6 0s-6.2 16.4 0 22.6L393.4 240 16 240c-8.8 0-16 7.2-16 16s7.2 16 16 16l377.4 0L244.7 420.7c-6.2 6.2-6.2 16.4 0 22.6s16.4 6.2 22.6 0l176-176z\"\/><\/svg><\/span><\/p>\r\n          <\/div>\r\n          <img loading=\"lazy\" decoding=\"async\" width=\"1024\" height=\"682\" src=\"https:\/\/www.camping-closdelachaume.com\/wp-content\/uploads\/2024\/10\/chateau-alsace-haut-koenigsbourg-5-1024x682.webp\" class=\"attachment-large size-large\" alt=\"\" srcset=\"https:\/\/www.camping-closdelachaume.com\/wp-content\/uploads\/2024\/10\/chateau-alsace-haut-koenigsbourg-5-1024x682.webp 1024w, https:\/\/www.camping-closdelachaume.com\/wp-content\/uploads\/2024\/10\/chateau-alsace-haut-koenigsbourg-5-850x566.webp 850w, https:\/\/www.camping-closdelachaume.com\/wp-content\/uploads\/2024\/10\/chateau-alsace-haut-koenigsbourg-5-768x511.webp 768w, https:\/\/www.camping-closdelachaume.com\/wp-content\/uploads\/2024\/10\/chateau-alsace-haut-koenigsbourg-5-1536x1022.webp 1536w, https:\/\/www.camping-closdelachaume.com\/wp-content\/uploads\/2024\/10\/chateau-alsace-haut-koenigsbourg-5.webp 1920w\" sizes=\"(max-width: 1024px) 100vw, 1024px\" title=\"\">        <\/a>\r\n              <a href=\"https:\/\/www.camping-closdelachaume.com\/nl\/alentours\/meer-van-gerardmer\/\" class=\"lieu-alentour currentCat visuel\" data-cat=\"steden\" data-slug=\"meer-van-gerardmer\" data-icone=\"\" data-couleur=\"\" data-latitude=\"48.070081\" data-longitude=\"6.877292\">\r\n          <div class=\"texte-lieu\">\r\n            <p class=\"categorie-lieu\">\r\n              <span class=\"fc-icon\"><svg xmlns=\"http:\/\/www.w3.org\/2000\/svg\"  viewBox=\"0 0 384 512\" width=\"16px\" height=\"16px\"><!--! Font Awesome Pro 6.4.2 by @fontawesome - https:\/\/fontawesome.com License - https:\/\/fontawesome.com\/license (Commercial License) Copyright 2023 Fonticons, Inc.--><path d=\"M384 192c0 87.4-117 243-168.3 307.2c-12.3 15.3-35.1 15.3-47.4 0C117 435 0 279.4 0 192C0 86 86 0 192 0S384 86 384 192z\"\/><\/svg><\/span>Steden            <\/p>\r\n            <p class=\"titre-lieu\">G\u00e9rardmer <span class=\"fc-icon\"><svg xmlns=\"http:\/\/www.w3.org\/2000\/svg\"  viewBox=\"0 0 448 512\" width=\"16px\" height=\"16px\"><!--! Font Awesome Pro 6.4.2 by @fontawesome - https:\/\/fontawesome.com License - https:\/\/fontawesome.com\/license (Commercial License) Copyright 2023 Fonticons, Inc.--><path d=\"M443.3 267.3c6.2-6.2 6.2-16.4 0-22.6l-176-176c-6.2-6.2-16.4-6.2-22.6 0s-6.2 16.4 0 22.6L393.4 240 16 240c-8.8 0-16 7.2-16 16s7.2 16 16 16l377.4 0L244.7 420.7c-6.2 6.2-6.2 16.4 0 22.6s16.4 6.2 22.6 0l176-176z\"\/><\/svg><\/span><\/p>\r\n          <\/div>\r\n          <img loading=\"lazy\" decoding=\"async\" width=\"1024\" height=\"501\" src=\"https:\/\/www.camping-closdelachaume.com\/wp-content\/uploads\/2024\/10\/AdobeStock_116901208-2-1024x501.jpg\" class=\"attachment-large size-large\" alt=\"lac de gerardmer\" srcset=\"https:\/\/www.camping-closdelachaume.com\/wp-content\/uploads\/2024\/10\/AdobeStock_116901208-2-1024x501.jpg 1024w, https:\/\/www.camping-closdelachaume.com\/wp-content\/uploads\/2024\/10\/AdobeStock_116901208-2-850x416.jpg 850w, https:\/\/www.camping-closdelachaume.com\/wp-content\/uploads\/2024\/10\/AdobeStock_116901208-2-768x376.jpg 768w, https:\/\/www.camping-closdelachaume.com\/wp-content\/uploads\/2024\/10\/AdobeStock_116901208-2-1536x752.jpg 1536w, https:\/\/www.camping-closdelachaume.com\/wp-content\/uploads\/2024\/10\/AdobeStock_116901208-2.jpg 1920w\" sizes=\"(max-width: 1024px) 100vw, 1024px\" title=\"\">        <\/a>\r\n              <a href=\"https:\/\/www.camping-closdelachaume.com\/nl\/alentours\/camping-xonrupt-longemer\/\" class=\"lieu-alentour currentCat visuel\" data-cat=\"steden\" data-slug=\"camping-xonrupt-longemer\" data-icone=\"\" data-couleur=\"\" data-latitude=\"48.081578\" data-longitude=\"6.925508\">\r\n          <div class=\"texte-lieu\">\r\n            <p class=\"categorie-lieu\">\r\n              <span class=\"fc-icon\"><svg xmlns=\"http:\/\/www.w3.org\/2000\/svg\"  viewBox=\"0 0 384 512\" width=\"16px\" height=\"16px\"><!--! Font Awesome Pro 6.4.2 by @fontawesome - https:\/\/fontawesome.com License - https:\/\/fontawesome.com\/license (Commercial License) Copyright 2023 Fonticons, Inc.--><path d=\"M384 192c0 87.4-117 243-168.3 307.2c-12.3 15.3-35.1 15.3-47.4 0C117 435 0 279.4 0 192C0 86 86 0 192 0S384 86 384 192z\"\/><\/svg><\/span>Steden            <\/p>\r\n            <p class=\"titre-lieu\">Xonrupt-Longemer <span class=\"fc-icon\"><svg xmlns=\"http:\/\/www.w3.org\/2000\/svg\"  viewBox=\"0 0 448 512\" width=\"16px\" height=\"16px\"><!--! Font Awesome Pro 6.4.2 by @fontawesome - https:\/\/fontawesome.com License - https:\/\/fontawesome.com\/license (Commercial License) Copyright 2023 Fonticons, Inc.--><path d=\"M443.3 267.3c6.2-6.2 6.2-16.4 0-22.6l-176-176c-6.2-6.2-16.4-6.2-22.6 0s-6.2 16.4 0 22.6L393.4 240 16 240c-8.8 0-16 7.2-16 16s7.2 16 16 16l377.4 0L244.7 420.7c-6.2 6.2-6.2 16.4 0 22.6s16.4 6.2 22.6 0l176-176z\"\/><\/svg><\/span><\/p>\r\n          <\/div>\r\n          <img loading=\"lazy\" decoding=\"async\" width=\"1024\" height=\"446\" src=\"https:\/\/www.camping-closdelachaume.com\/wp-content\/uploads\/2024\/10\/xonrupt-longemer-1-1024x446.webp\" class=\"attachment-large size-large\" alt=\"\" srcset=\"https:\/\/www.camping-closdelachaume.com\/wp-content\/uploads\/2024\/10\/xonrupt-longemer-1-1024x446.webp 1024w, https:\/\/www.camping-closdelachaume.com\/wp-content\/uploads\/2024\/10\/xonrupt-longemer-1-850x370.webp 850w, https:\/\/www.camping-closdelachaume.com\/wp-content\/uploads\/2024\/10\/xonrupt-longemer-1-768x334.webp 768w, https:\/\/www.camping-closdelachaume.com\/wp-content\/uploads\/2024\/10\/xonrupt-longemer-1-1536x669.webp 1536w, https:\/\/www.camping-closdelachaume.com\/wp-content\/uploads\/2024\/10\/xonrupt-longemer-1.webp 1920w\" sizes=\"(max-width: 1024px) 100vw, 1024px\" title=\"\">        <\/a>\r\n          <\/div>\r\n    <div id='page_navigation'><\/div>\r\n  <\/div>\r\n\r\n  <div id=\"map-alentours\" class=\"wp-block-column\">\r\n    <div id=\"map\"><\/div>\r\n  <\/div>\r\n\r\n<\/section>\r\n\r\n\n\n<figure class=\"deco-vague deco-vague-haut\"><picture><source srcset=\"https:\/\/www.camping-closdelachaume.com\/wp-content\/uploads\/2024\/10\/vague-gauche-haut.svg\" media=\"(max-width: 420px)\"><source srcset=\"https:\/\/www.camping-closdelachaume.com\/wp-content\/uploads\/2024\/10\/vague-gauche-haut.svg\" media=\"(max-width: 850px)\"><source srcset=\"https:\/\/www.camping-closdelachaume.com\/wp-content\/uploads\/2024\/10\/vague-gauche-haut.svg\" media=\"(max-width: 1024px)\"><source srcset=\"https:\/\/www.camping-closdelachaume.com\/wp-content\/uploads\/2024\/10\/vague-gauche-haut.svg\" media=\"(min-width: 1025px)\"><img decoding=\"async\" src=\"https:\/\/www.camping-closdelachaume.com\/wp-content\/uploads\/2024\/10\/vague-gauche-haut.svg\" width=\"420\" height=\"210\" title=\"vague-gauche-haut\" loading=\"lazy\" alt=\"\"><\/picture><\/figure>\n\n<div class=\"group sec-55 align-full has-background\" style=\"background-color:var(--vert-clair);\"><h3 style=\"text-align: center;\">Bezienswaardigheden <span class=\"fc-span\">rond uw camping in de 88<\/span><\/h3><p  style=\"text-align: center;\" id=\"https:\/\/www.camping-closdelachaume.com\/nl\/alentours\/camping-xonrupt-longemer\/\" >Onze <strong>camping in de buurt van G\u00e9rardmer<\/strong> en de <strong>Vall\u00e9e des Lacs<\/strong> is de ideale plek om te zwemmen of gewoon lekker te wandelen rond de vele <strong>meren in de Vogezen<\/strong>, in een natuurlijke omgeving. Je kunt ook een bezoek brengen aan de charmante Vogezen badplaats <a href=\"https:\/\/www.camping-closdelachaume.com\/nl\/alentours\/camping-xonrupt-longemer\/\" data-type=\"link\" data-id=\"https:\/\/www.camping-closdelachaume.com\/nl\/alentours\/camping-xonrupt-longemer\/\">Xonrupt-Longemer<\/a>.<\/p><div class=\"lireplus fc-desk\"><p  style=\"text-align: center;\"  >Meer lezen  <span class=\"fc-icon\"><svg xmlns=\"http:\/\/www.w3.org\/2000\/svg\" viewBox=\"0 0 384 512\"><!--!Font Awesome Free 6.6.0 by @fontawesome - https:\/\/fontawesome.com License - https:\/\/fontawesome.com\/license\/free Copyright 2024 Fonticons, Inc.--><path d=\"M169.4 470.6c12.5 12.5 32.8 12.5 45.3 0l160-160c12.5-12.5 12.5-32.8 0-45.3s-32.8-12.5-45.3 0L224 370.8 224 64c0-17.7-14.3-32-32-32s-32 14.3-32 32l0 306.7L54.6 265.4c-12.5-12.5-32.8-12.5-45.3 0s-12.5 32.8 0 45.3l160 160z\"\/><\/svg><\/span><\/p><div class=\"group\"><p  style=\"text-align: center;\"  >Je kunt ook gebruik maken van de mogelijkheid om de <strong>watervallen van Tendon<\/strong> te ontdekken, op 10 minuten van <strong>G\u00e9rardmer<\/strong>, de Route des Cr\u00eates en, in een heel andere sfeer, de Confiserie des Hautes Vosges of <strong>de wijnen uit de Elzas<\/strong> en de wijnroute, een echte uitnodiging om je elke keer weer te laten verwennen.<\/p><\/div><\/div><div class=\"gallery fade-up f-carousel fc-diapo-mob\"><figure class=\"gallery__item\"><picture><source srcset=\"https:\/\/www.camping-closdelachaume.com\/wp-content\/uploads\/2024\/10\/xonrupt-longemer-1-850x370.webp\" media=\"(max-width: 420px)\"><source srcset=\"https:\/\/www.camping-closdelachaume.com\/wp-content\/uploads\/2024\/10\/xonrupt-longemer-1-768x334.webp\" media=\"(max-width: 850px)\"><source srcset=\"https:\/\/www.camping-closdelachaume.com\/wp-content\/uploads\/2024\/10\/xonrupt-longemer-1-1024x446.webp\" media=\"(max-width: 1024px)\"><source srcset=\"https:\/\/www.camping-closdelachaume.com\/wp-content\/uploads\/2024\/10\/xonrupt-longemer-1.webp\" media=\"(min-width: 1025px)\"><img decoding=\"async\" src=\"https:\/\/www.camping-closdelachaume.com\/wp-content\/uploads\/2024\/10\/xonrupt-longemer-1-600x261.webp\" width=\"420\" height=\"210\" title=\"xonrupt-longemer-1\" loading=\"lazy\" alt=\"\"><\/picture><\/figure><figure class=\"gallery__item\"><picture><source srcset=\"https:\/\/www.camping-closdelachaume.com\/wp-content\/uploads\/2024\/10\/AdobeStock_116901208-2-850x416.jpg.webp\" media=\"(max-width: 420px)\"><source srcset=\"https:\/\/www.camping-closdelachaume.com\/wp-content\/uploads\/2024\/10\/AdobeStock_116901208-2-768x376.jpg.webp\" media=\"(max-width: 850px)\"><source srcset=\"https:\/\/www.camping-closdelachaume.com\/wp-content\/uploads\/2024\/10\/AdobeStock_116901208-2-1024x501.jpg.webp\" media=\"(max-width: 1024px)\"><source srcset=\"https:\/\/www.camping-closdelachaume.com\/wp-content\/uploads\/2024\/10\/AdobeStock_116901208-2.jpg.webp\" media=\"(min-width: 1025px)\"><img decoding=\"async\" src=\"https:\/\/www.camping-closdelachaume.com\/wp-content\/uploads\/2024\/10\/AdobeStock_116901208-2-600x294.jpg.webp\" width=\"420\" height=\"210\" alt=\"lac de gerardmer\" title=\"lac de gerardmer\" loading=\"lazy\"><\/picture><\/figure><figure class=\"gallery__item\"><picture><source srcset=\"https:\/\/www.camping-closdelachaume.com\/wp-content\/uploads\/2024\/10\/route-des-vins-alsace-6-850x567.webp\" media=\"(max-width: 420px)\"><source srcset=\"https:\/\/www.camping-closdelachaume.com\/wp-content\/uploads\/2024\/10\/route-des-vins-alsace-6-768x512.webp\" media=\"(max-width: 850px)\"><source srcset=\"https:\/\/www.camping-closdelachaume.com\/wp-content\/uploads\/2024\/10\/route-des-vins-alsace-6-1024x683.webp\" media=\"(max-width: 1024px)\"><source srcset=\"https:\/\/www.camping-closdelachaume.com\/wp-content\/uploads\/2024\/10\/route-des-vins-alsace-6.webp\" media=\"(min-width: 1025px)\"><img decoding=\"async\" src=\"https:\/\/www.camping-closdelachaume.com\/wp-content\/uploads\/2024\/10\/route-des-vins-alsace-6-600x400.webp\" width=\"420\" height=\"210\" title=\"route-des-vins-alsace-6\" loading=\"lazy\" alt=\"\"><\/picture><\/figure><\/div><\/div>\n\n<figure class=\"deco-vague deco-vague-bas\"><picture><source srcset=\"https:\/\/www.camping-closdelachaume.com\/wp-content\/uploads\/2024\/10\/vague-droite-bas.svg\" media=\"(max-width: 420px)\"><source srcset=\"https:\/\/www.camping-closdelachaume.com\/wp-content\/uploads\/2024\/10\/vague-droite-bas.svg\" media=\"(max-width: 850px)\"><source srcset=\"https:\/\/www.camping-closdelachaume.com\/wp-content\/uploads\/2024\/10\/vague-droite-bas.svg\" media=\"(max-width: 1024px)\"><source srcset=\"https:\/\/www.camping-closdelachaume.com\/wp-content\/uploads\/2024\/10\/vague-droite-bas.svg\" media=\"(min-width: 1025px)\"><img decoding=\"async\" src=\"https:\/\/www.camping-closdelachaume.com\/wp-content\/uploads\/2024\/10\/vague-droite-bas.svg\" width=\"420\" height=\"210\" title=\"vague-droite-bas\" loading=\"lazy\" alt=\"\"><\/picture><\/figure>\n\n<div class=\"columns\"><div class=\"columns__item fade-up\"><h3>Tal van parken en reservaten <span class=\"fc-span\">om met het gezin te ontdekken in de Vogezen<\/span><\/h3><p   id=\"2415\" >Je hebt ruim de tijd om de <strong>verschillende parken en reservaten<\/strong> te verkennen: het Regionaal Natuurpark van de Ballons des Vosges, het Stadspark van Fraispertuis ideaal voor iedereen, het Ecoparc Junior ideaal voor de allerkleinsten, Bol d&#8217;Air aventure, het Dierenpark van Sainte Croix, de Jardin des Papillons Exotiques, het herintroductiecentrum voor ooievaars en otters of de Montagne des singes en de Volerie des aigles, zijn allemaal plekken die een bezoek meer dan waard zijn tijdens een verblijf in de Vogezen op onze <a href=\"https:\/\/www.camping-closdelachaume.com\/nl\/camping-lorraine-waterpark\/\" data-type=\"page\" data-id=\"2415\">camping in Lotharingen met waterpark<\/a>. Er zijn ook veel accrobranches op 20 minuten rijden.<\/p><div class=\"lireplus fc-desk\"><p    >Meer lezen<\/p><div class=\"group\"><p    >Dankzij de nabijheid van verschillende grenzen heb je ook de mogelijkheid om de weg te nemen naar bijvoorbeeld Zwitserland of Duitsland en Titisee, Freiburg, het Zwarte Woud&#8230; te ontdekken.<\/p><p    >Je kunt ook enkele <strong>kastelen in de Elzas<\/strong> bezoeken, waaronder het Ch\u00e2teau du Haut Koenigsbourg, en steden en dorpen zoals <strong>Straatsburg<\/strong>, <strong>Colmar<\/strong>, Kayserberg, Riquewihr en Eguisheim, evenals Nancy &#8230;<\/p><\/div><\/div><\/div><div class=\"columns__item fade-right\"><div class=\"gallery height-adapt\"><figure class=\"gallery__item\"><picture><source srcset=\"https:\/\/www.camping-closdelachaume.com\/wp-content\/uploads\/2024\/10\/AdobeStock_196512717-850x403.jpg.webp\" media=\"(max-width: 420px)\"><source srcset=\"https:\/\/www.camping-closdelachaume.com\/wp-content\/uploads\/2024\/10\/AdobeStock_196512717-768x364.jpg.webp\" media=\"(max-width: 850px)\"><source srcset=\"https:\/\/www.camping-closdelachaume.com\/wp-content\/uploads\/2024\/10\/AdobeStock_196512717-1024x486.jpg.webp\" media=\"(max-width: 1024px)\"><source srcset=\"https:\/\/www.camping-closdelachaume.com\/wp-content\/uploads\/2024\/10\/AdobeStock_196512717.jpg.webp\" media=\"(min-width: 1025px)\"><img decoding=\"async\" src=\"https:\/\/www.camping-closdelachaume.com\/wp-content\/uploads\/2024\/10\/AdobeStock_196512717-600x285.jpg.webp\" width=\"420\" height=\"210\" alt=\"Lac du Ballon, a lake in the Vosges mountains - Haut-Rhin, France Lac du Ballon, a lake in the Vosges mountains - Alsace, France\" title=\"Lac du Ballon, a lake in the Vosges mountains &#8211; Haut-Rhin, France\" loading=\"lazy\"><\/picture><\/figure><\/div><figure class=\"deco deco--3\"><picture><source srcset=\"https:\/\/www.camping-closdelachaume.com\/wp-content\/uploads\/2024\/10\/herbe2.svg\" media=\"(max-width: 420px)\"><source srcset=\"https:\/\/www.camping-closdelachaume.com\/wp-content\/uploads\/2024\/10\/herbe2.svg\" media=\"(max-width: 850px)\"><source srcset=\"https:\/\/www.camping-closdelachaume.com\/wp-content\/uploads\/2024\/10\/herbe2.svg\" media=\"(max-width: 1024px)\"><source srcset=\"https:\/\/www.camping-closdelachaume.com\/wp-content\/uploads\/2024\/10\/herbe2.svg\" media=\"(min-width: 1025px)\"><img decoding=\"async\" src=\"https:\/\/www.camping-closdelachaume.com\/wp-content\/uploads\/2024\/10\/herbe2.svg\" width=\"420\" height=\"210\" title=\"herbe2\" loading=\"lazy\" alt=\"\"><\/picture><\/figure><\/div><\/div>\n\n<div class=\"cover sec-20\"><picture class=\"cover__img\"><source srcset=\"https:\/\/www.camping-closdelachaume.com\/wp-content\/uploads\/2024\/10\/peche-famille-camping-600x357.webp\" media=\"(max-width: 210px)\"><source srcset=\"https:\/\/www.camping-closdelachaume.com\/wp-content\/uploads\/2024\/10\/peche-famille-camping-850x506.webp\" media=\"(max-width: 420px)\"><source srcset=\"https:\/\/www.camping-closdelachaume.com\/wp-content\/uploads\/2024\/10\/peche-famille-camping-768x457.webp\" media=\"(max-width: 850px)\"><source srcset=\"https:\/\/www.camping-closdelachaume.com\/wp-content\/uploads\/2024\/10\/peche-famille-camping-1024x609.webp\" media=\"(max-width: 1024px)\"><source srcset=\"https:\/\/www.camping-closdelachaume.com\/wp-content\/uploads\/2024\/10\/peche-famille-camping.webp\" media=\"(min-width: 1536px)\"><img decoding=\"async\" src=\"https:\/\/www.camping-closdelachaume.com\/wp-content\/uploads\/2024\/10\/peche-famille-camping-600x357.webp\" width=\"420\" height=\"210\" title=\"peche-famille-camping\" loading=\"lazy\" alt=\"\"><\/picture><div class=\"cover__inner\"><div class=\"group sec-20__top-right fade-right has-background\" style=\"background-color:var(--vert-clair);\"><h2>Tal van activiteiten <span class=\"fc-span\">om te ontdekken in een omgeving die 100% verbonden is met de natuur<\/span><\/h2><p   id=\"242\" >Sportliefhebbers vinden ook genoeg te doen in de regio, met <strong>watersporten<\/strong> (zeilen, kano\u00ebn, kajakken, enz.), <a href=\"https:\/\/www.camping-closdelachaume.com\/nl\/peche-dans-les-vosges\/\" data-type=\"page\" data-id=\"242\">vissen<\/a>, <a href=\"https:\/\/www.camping-closdelachaume.com\/nl\/randonnees-corcieux-vosges\/\" data-type=\"page\" data-id=\"244\">wandelen<\/a>, <a href=\"https:\/\/www.camping-closdelachaume.com\/nl\/velo-alsace-lorraine\/\" data-type=\"page\" data-id=\"247\">mountainbiken en fietscircuits<\/a>, paragliden, klimmen, via ferrata, paardrijden, enz.<\/p><\/div><div class=\"lireplus fc-mob\"><p  style=\"text-align: center;\"  >Meer lezen  <span class=\"fc-icon\"><svg xmlns=\"http:\/\/www.w3.org\/2000\/svg\" viewBox=\"0 0 384 512\"><!--!Font Awesome Free 6.6.0 by @fontawesome - https:\/\/fontawesome.com License - https:\/\/fontawesome.com\/license\/free Copyright 2024 Fonticons, Inc.--><path d=\"M169.4 470.6c12.5 12.5 32.8 12.5 45.3 0l160-160c12.5-12.5 12.5-32.8 0-45.3s-32.8-12.5-45.3 0L224 370.8 224 64c0-17.7-14.3-32-32-32s-32 14.3-32 32l0 306.7L54.6 265.4c-12.5-12.5-32.8-12.5-45.3 0s-12.5 32.8 0 45.3l160 160z\"\/><\/svg><\/span><\/p><div class=\"group\"><div class=\"columns\"><div class=\"columns__item texte fade-up\" style=\"flex-basis:65%;\"><div class=\"group has-background\" style=\"background-color:var(--vert-clair);\"><p    >Met andere woorden, in de buurt van uw camping in de Vogezen vindt u alles wat u nodig hebt om in alle rust van het leven te genieten, in een <strong>omgeving die 100% verbonden is met de natuur<\/strong> en uitgesproken exotisch. Voor een vakantie zonder compromissen op het gebied van comfort, kiest u voor een <a href=\"https:\/\/www.camping-closdelachaume.com\/nl\/glamping-vosges\/\">glampingvakantie in de Vogezen<\/a>! <\/p><\/div><\/div><div class=\"columns__item\"><p class=\"figcaption\"   ><\/p><\/div><\/div><\/div><\/div><figure class=\"deco deco--3\"><picture><source srcset=\"https:\/\/www.camping-closdelachaume.com\/wp-content\/uploads\/2024\/10\/herbe2.svg\" media=\"(max-width: 420px)\"><source srcset=\"https:\/\/www.camping-closdelachaume.com\/wp-content\/uploads\/2024\/10\/herbe2.svg\" media=\"(max-width: 850px)\"><source srcset=\"https:\/\/www.camping-closdelachaume.com\/wp-content\/uploads\/2024\/10\/herbe2.svg\" media=\"(max-width: 1024px)\"><source srcset=\"https:\/\/www.camping-closdelachaume.com\/wp-content\/uploads\/2024\/10\/herbe2.svg\" media=\"(min-width: 1025px)\"><img decoding=\"async\" src=\"https:\/\/www.camping-closdelachaume.com\/wp-content\/uploads\/2024\/10\/herbe2.svg\" width=\"420\" height=\"210\" title=\"herbe2\" loading=\"lazy\" alt=\"\"><\/picture><\/figure><\/div><\/div>\n\n<div class=\"columns sec-30\"><div class=\"columns__item fade-left\"><div class=\"gallery col-2 f-carousel fc-diapo-mob\"><figure class=\"gallery__item\"><picture><source srcset=\"https:\/\/www.camping-closdelachaume.com\/wp-content\/uploads\/2024\/10\/degustation-vin-alsace-haute-saison-au-camping-sites-et-paysages-au-clos-de-la-chaume-850x366.jpg.webp\" media=\"(max-width: 420px)\"><source srcset=\"https:\/\/www.camping-closdelachaume.com\/wp-content\/uploads\/2024\/10\/degustation-vin-alsace-haute-saison-au-camping-sites-et-paysages-au-clos-de-la-chaume-768x330.jpg.webp\" media=\"(max-width: 850px)\"><source srcset=\"https:\/\/www.camping-closdelachaume.com\/wp-content\/uploads\/2024\/10\/degustation-vin-alsace-haute-saison-au-camping-sites-et-paysages-au-clos-de-la-chaume-1024x441.jpg.webp\" media=\"(max-width: 1024px)\"><source srcset=\"https:\/\/www.camping-closdelachaume.com\/wp-content\/uploads\/2024\/10\/degustation-vin-alsace-haute-saison-au-camping-sites-et-paysages-au-clos-de-la-chaume.jpg.webp\" media=\"(min-width: 1025px)\"><img decoding=\"async\" src=\"https:\/\/www.camping-closdelachaume.com\/wp-content\/uploads\/2024\/10\/degustation-vin-alsace-haute-saison-au-camping-sites-et-paysages-au-clos-de-la-chaume-600x258.jpg.webp\" width=\"420\" height=\"210\" title=\"degustation-vin-alsace-haute-saison-au-camping-sites-et-paysages-au-clos-de-la-chaume\" loading=\"lazy\" alt=\"\"><\/picture><\/figure><figure class=\"gallery__item\"><picture><source srcset=\"https:\/\/www.camping-closdelachaume.com\/wp-content\/uploads\/2024\/10\/4ruisseau-camping-au-clos-de-la-chaume-850x366.jpg.webp\" media=\"(max-width: 420px)\"><source srcset=\"https:\/\/www.camping-closdelachaume.com\/wp-content\/uploads\/2024\/10\/4ruisseau-camping-au-clos-de-la-chaume-768x330.jpg.webp\" media=\"(max-width: 850px)\"><source srcset=\"https:\/\/www.camping-closdelachaume.com\/wp-content\/uploads\/2024\/10\/4ruisseau-camping-au-clos-de-la-chaume-1024x441.jpg.webp\" media=\"(max-width: 1024px)\"><source srcset=\"https:\/\/www.camping-closdelachaume.com\/wp-content\/uploads\/2024\/10\/4ruisseau-camping-au-clos-de-la-chaume.jpg.webp\" media=\"(min-width: 1025px)\"><img decoding=\"async\" src=\"https:\/\/www.camping-closdelachaume.com\/wp-content\/uploads\/2024\/10\/4ruisseau-camping-au-clos-de-la-chaume-600x258.jpg.webp\" width=\"420\" height=\"210\" title=\"ruisseau-camping-au-clos-de-la-chaume\" loading=\"lazy\" alt=\"\"><\/picture><\/figure><figure class=\"gallery__item\"><picture><source srcset=\"https:\/\/www.camping-closdelachaume.com\/wp-content\/uploads\/2024\/10\/poulets-rotis-haute-saison-camping-au-clos-de-la-chaume-850x366.jpg.webp\" media=\"(max-width: 420px)\"><source srcset=\"https:\/\/www.camping-closdelachaume.com\/wp-content\/uploads\/2024\/10\/poulets-rotis-haute-saison-camping-au-clos-de-la-chaume-768x330.jpg.webp\" media=\"(max-width: 850px)\"><source srcset=\"https:\/\/www.camping-closdelachaume.com\/wp-content\/uploads\/2024\/10\/poulets-rotis-haute-saison-camping-au-clos-de-la-chaume-1024x441.jpg.webp\" media=\"(max-width: 1024px)\"><source srcset=\"https:\/\/www.camping-closdelachaume.com\/wp-content\/uploads\/2024\/10\/poulets-rotis-haute-saison-camping-au-clos-de-la-chaume.jpg.webp\" media=\"(min-width: 1025px)\"><img decoding=\"async\" src=\"https:\/\/www.camping-closdelachaume.com\/wp-content\/uploads\/2024\/10\/poulets-rotis-haute-saison-camping-au-clos-de-la-chaume-600x258.jpg.webp\" width=\"420\" height=\"210\" title=\"poulets-rotis-haute-saison-camping-au-clos-de-la-chaume\" loading=\"lazy\" alt=\"\"><\/picture><\/figure><\/div><figure class=\"deco deco--2\"><picture><source srcset=\"https:\/\/www.camping-closdelachaume.com\/wp-content\/uploads\/2024\/10\/herbe3.svg\" media=\"(max-width: 420px)\"><source srcset=\"https:\/\/www.camping-closdelachaume.com\/wp-content\/uploads\/2024\/10\/herbe3.svg\" media=\"(max-width: 850px)\"><source srcset=\"https:\/\/www.camping-closdelachaume.com\/wp-content\/uploads\/2024\/10\/herbe3.svg\" media=\"(max-width: 1024px)\"><source srcset=\"https:\/\/www.camping-closdelachaume.com\/wp-content\/uploads\/2024\/10\/herbe3.svg\" media=\"(min-width: 1025px)\"><img decoding=\"async\" src=\"https:\/\/www.camping-closdelachaume.com\/wp-content\/uploads\/2024\/10\/herbe3.svg\" width=\"420\" height=\"210\" title=\"herbe3\" loading=\"lazy\" alt=\"\"><\/picture><\/figure><\/div><div class=\"columns__item texte fade-up\"><h2>Participatief toerisme op camping <span class=\"fc-span\">Au Clos de la Chaume<\/span><\/h2><p    >We zijn verheugd om onze 2 hoofdactiviteiten van participatief toerisme op de camping te presenteren, waar we onze passie voor onze regio met jullie zullen delen!<\/p><div class=\"lireplus fc-desk\"><p    >Meer lezen<\/p><div class=\"group\"><p   id=\"https:\/\/www.camping-closdelachaume.com\/nl\/alentours\/wijnen-dalsace-schoenheitz\/\" ><strong>Kom <\/strong> elke woensdag in juli en augustus<a href=\"https:\/\/www.camping-closdelachaume.com\/nl\/alentours\/wijnen-dalsace-schoenheitz\/\" data-type=\"link\" data-id=\"https:\/\/www.camping-closdelachaume.com\/nl\/alentours\/wijnen-dalsace-schoenheitz\/\">Elzaswijnen proeven<\/a>, rechtstreeks van de producent, de familie Meyer-Krumb, producenten van vader op zoon\/dochter! Aur\u00e9lie is niet alleen een proeverij, ze zal ook haar liefde voor de streek met je delen en je de beste idee\u00ebn voor culinaire begeleidingen onthullen! Pascaline zal Aur\u00e9lie ook vergezellen tijdens deze <strong>gezellige avond<\/strong>.<\/p><p   id=\"223\" ><strong>&#8220;Rondom de sterren!<\/strong> Je <strong>camping in de buurt van G\u00e9rardmer<\/strong> is ook de<strong>ideale plek om sterren te kijken<\/strong>. Van half juli tot half augustus kun je een avond per week met je hoofd in de sterren staan met onze berggids en Pascaline! Deze en vele andere <a href=\"https:\/\/www.camping-closdelachaume.com\/nl\/activites\/\" data-type=\"page\" data-id=\"223\">gezinsactiviteiten in de Vogezen<\/a> zullen je dagen vullen met onvergetelijke ervaringen.  <\/p><\/div><\/div><\/div><\/div>","protected":false},"excerpt":{"rendered":"<p>Je vakantie in de Vogezen, Elzas en Lotharingen Een kampeervakantie in de Vogezen biedt een veelheid aan plaatsen en landschappen om te ontdekken. Au Clos de la Chaume, onze camping in Corcieux bij G\u00e9rardmer en La Bresse, nodigt u uit om een streek met vele facetten te ontdekken! Bezoeken en plaatsen die u niet mag [&hellip;]<\/p>\n","protected":false},"author":1,"featured_media":0,"parent":0,"menu_order":0,"comment_status":"open","ping_status":"open","template":"","meta":{"_acf_changed":false,"footnotes":""},"acf":[],"_links":{"self":[{"href":"https:\/\/www.camping-closdelachaume.com\/nl\/wp-json\/wp\/v2\/pages\/2447"}],"collection":[{"href":"https:\/\/www.camping-closdelachaume.com\/nl\/wp-json\/wp\/v2\/pages"}],"about":[{"href":"https:\/\/www.camping-closdelachaume.com\/nl\/wp-json\/wp\/v2\/types\/page"}],"author":[{"embeddable":true,"href":"https:\/\/www.camping-closdelachaume.com\/nl\/wp-json\/wp\/v2\/users\/1"}],"replies":[{"embeddable":true,"href":"https:\/\/www.camping-closdelachaume.com\/nl\/wp-json\/wp\/v2\/comments?post=2447"}],"version-history":[{"count":7,"href":"https:\/\/www.camping-closdelachaume.com\/nl\/wp-json\/wp\/v2\/pages\/2447\/revisions"}],"predecessor-version":[{"id":4025,"href":"https:\/\/www.camping-closdelachaume.com\/nl\/wp-json\/wp\/v2\/pages\/2447\/revisions\/4025"}],"wp:attachment":[{"href":"https:\/\/www.camping-closdelachaume.com\/nl\/wp-json\/wp\/v2\/media?parent=2447"}],"curies":[{"name":"wp","href":"https:\/\/api.w.org\/{rel}","templated":true}]}}